{"id":4683,"date":"2023-09-14T13:00:23","date_gmt":"2023-09-14T13:00:23","guid":{"rendered":"https:\/\/wordp.poburski-futura.de\/?post_type=referenzen-single&#038;p=4683"},"modified":"2025-08-01T12:08:19","modified_gmt":"2025-08-01T12:08:19","slug":"fachmarktzentrum-eisenach","status":"publish","type":"referenzen-single","link":"https:\/\/www.poburski-futura.de\/en\/referenzen-single\/fachmarktzentrum-eisenach\/","title":{"rendered":"Fachmarktzentrum in Eisenach"},"content":{"rendered":"\t\t<div data-elementor-type=\"wp-post\" data-elementor-id=\"4683\" class=\"elementor elementor-4683\" data-elementor-post-type=\"referenzen-single\">\n\t\t\t\t\t\t<section class=\"elementor-section elementor-top-section elementor-element elementor-element-3f0b22a elementor-section-boxed elementor-section-height-default elementor-section-height-default\" data-id=\"3f0b22a\" data-element_type=\"section\" data-e-type=\"section\">\n\t\t\t\t\t\t<div class=\"elementor-container elementor-column-gap-default\">\n\t\t\t\t\t<div class=\"elementor-column elementor-col-50 elementor-top-column elementor-element elementor-element-9363c57\" data-id=\"9363c57\" data-element_type=\"column\" data-e-type=\"column\">\n\t\t\t<div class=\"elementor-widget-wrap elementor-element-populated\">\n\t\t\t\t\t\t<div class=\"elementor-element elementor-element-7c1c6b9 elementor-widget elementor-widget-gallery\" data-id=\"7c1c6b9\" data-element_type=\"widget\" data-e-type=\"widget\" data-settings=\"{&quot;columns&quot;:1,&quot;lazyload&quot;:&quot;yes&quot;,&quot;gallery_layout&quot;:&quot;grid&quot;,&quot;columns_tablet&quot;:2,&quot;columns_mobile&quot;:1,&quot;gap&quot;:{&quot;unit&quot;:&quot;px&quot;,&quot;size&quot;:10,&quot;sizes&quot;:[]},&quot;gap_tablet&quot;:{&quot;unit&quot;:&quot;px&quot;,&quot;size&quot;:10,&quot;sizes&quot;:[]},&quot;gap_mobile&quot;:{&quot;unit&quot;:&quot;px&quot;,&quot;size&quot;:10,&quot;sizes&quot;:[]},&quot;link_to&quot;:&quot;file&quot;,&quot;aspect_ratio&quot;:&quot;3:2&quot;,&quot;overlay_background&quot;:&quot;yes&quot;,&quot;content_hover_animation&quot;:&quot;fade-in&quot;}\" data-widget_type=\"gallery.default\">\n\t\t\t\t<div class=\"elementor-widget-container\">\n\t\t\t\t\t\t\t<div class=\"elementor-gallery__container\">\n\t\t\t\t\t\t\t<a class=\"e-gallery-item elementor-gallery-item elementor-animated-content\" href=\"https:\/\/www.poburski-futura.de\/wp-content\/uploads\/2023\/11\/Poburski-Futura-Referenz-Eisenach.jpg\" data-elementor-open-lightbox=\"no\">\n\t\t\t\t\t<div class=\"e-gallery-image elementor-gallery-item__image\" data-thumbnail=\"https:\/\/www.poburski-futura.de\/wp-content\/uploads\/2023\/11\/Poburski-Futura-Referenz-Eisenach-750x500.jpg\" data-width=\"750\" data-height=\"500\" aria-label=\"Fast sechs Fu\u00dfballfelder: So gro\u00df ist das Parkdach auf dem Einkaufszentrum KaufPark in Nickern. Im S\u00fcdwesten von Dresden wird das nicht mehr zeitgem\u00e4\u00dfe Einkaufszentrum &quot;Kaufpark&quot; durch einen modernen Neubau ersetzt.\" role=\"img\" ><\/div>\n\t\t\t\t\t\t\t\t\t\t\t<div class=\"elementor-gallery-item__overlay\"><\/div>\n\t\t\t\t\t\t\t\t\t\t\t\t\t\t<\/a>\n\t\t\t\t\t\t\t<a class=\"e-gallery-item elementor-gallery-item elementor-animated-content\" href=\"https:\/\/www.poburski-futura.de\/wp-content\/uploads\/2023\/09\/Poburski-Futura_Eisenach_3.jpg\" data-elementor-open-lightbox=\"no\">\n\t\t\t\t\t<div class=\"e-gallery-image elementor-gallery-item__image\" data-thumbnail=\"https:\/\/www.poburski-futura.de\/wp-content\/uploads\/2023\/09\/Poburski-Futura_Eisenach_3-750x500.jpg\" data-width=\"750\" data-height=\"500\" aria-label=\"\" role=\"img\" ><\/div>\n\t\t\t\t\t\t\t\t\t\t\t<div class=\"elementor-gallery-item__overlay\"><\/div>\n\t\t\t\t\t\t\t\t\t\t\t\t\t\t<\/a>\n\t\t\t\t\t\t\t<a class=\"e-gallery-item elementor-gallery-item elementor-animated-content\" href=\"https:\/\/www.poburski-futura.de\/wp-content\/uploads\/2023\/08\/Poburski-Futura_Parkdeck_Eisenach_Spritzbeschichtung_017.jpg\" data-elementor-open-lightbox=\"no\">\n\t\t\t\t\t<div class=\"e-gallery-image elementor-gallery-item__image\" data-thumbnail=\"https:\/\/www.poburski-futura.de\/wp-content\/uploads\/2023\/08\/Poburski-Futura_Parkdeck_Eisenach_Spritzbeschichtung_017.jpg\" data-width=\"675\" data-height=\"450\" aria-label=\"gepr\u00fcfte Oberfl\u00e4chenschutzsysteme f\u00fcr Parkdecks von Poburski Futura\" role=\"img\" ><\/div>\n\t\t\t\t\t\t\t\t\t\t\t<div class=\"elementor-gallery-item__overlay\"><\/div>\n\t\t\t\t\t\t\t\t\t\t\t\t\t\t<\/a>\n\t\t\t\t\t\t\t<a class=\"e-gallery-item elementor-gallery-item elementor-animated-content\" href=\"https:\/\/www.poburski-futura.de\/wp-content\/uploads\/2023\/09\/Poburski-Futura_Eisenach_2.jpg\" data-elementor-open-lightbox=\"no\">\n\t\t\t\t\t<div class=\"e-gallery-image elementor-gallery-item__image\" data-thumbnail=\"https:\/\/www.poburski-futura.de\/wp-content\/uploads\/2023\/09\/Poburski-Futura_Eisenach_2-750x500.jpg\" data-width=\"750\" data-height=\"500\" aria-label=\"\" role=\"img\" ><\/div>\n\t\t\t\t\t\t\t\t\t\t\t<div class=\"elementor-gallery-item__overlay\"><\/div>\n\t\t\t\t\t\t\t\t\t\t\t\t\t\t<\/a>\n\t\t\t\t\t<\/div>\n\t\t\t\t\t<\/div>\n\t\t\t\t<\/div>\n\t\t\t\t\t<\/div>\n\t\t<\/div>\n\t\t\t\t<div class=\"elementor-column elementor-col-50 elementor-top-column elementor-element elementor-element-d5922e6\" data-id=\"d5922e6\" data-element_type=\"column\" data-e-type=\"column\">\n\t\t\t<div class=\"elementor-widget-wrap elementor-element-populated\">\n\t\t\t\t\t\t<div class=\"elementor-element elementor-element-dcbd1a5 elementor-widget elementor-widget-heading\" data-id=\"dcbd1a5\" data-element_type=\"widget\" data-e-type=\"widget\" data-widget_type=\"heading.default\">\n\t\t\t\t<div class=\"elementor-widget-container\">\n\t\t\t\t\t<h1 class=\"elementor-heading-title elementor-size-default\">Fachmarktzentrum in Eisenach<\/h1>\t\t\t\t<\/div>\n\t\t\t\t<\/div>\n\t\t\t\t<div class=\"elementor-element elementor-element-8ce61f1 elementor-widget__width-initial elementor-widget elementor-widget-heading\" data-id=\"8ce61f1\" data-element_type=\"widget\" data-e-type=\"widget\" data-widget_type=\"heading.default\">\n\t\t\t\t<div class=\"elementor-widget-container\">\n\t\t\t\t\t<h2 class=\"elementor-heading-title elementor-size-default\">Tor zur Stadt<\/h2>\t\t\t\t<\/div>\n\t\t\t\t<\/div>\n\t\t\t\t<div class=\"elementor-element elementor-element-59fef69 elementor-widget__width-initial elementor-widget elementor-widget-heading\" data-id=\"59fef69\" data-element_type=\"widget\" data-e-type=\"widget\" data-widget_type=\"heading.default\">\n\t\t\t\t<div class=\"elementor-widget-container\">\n\t\t\t\t\t<h2 class=\"elementor-heading-title elementor-size-default\">630 Stellpl\u00e4tze auf drei Ebenen<\/h2>\t\t\t\t<\/div>\n\t\t\t\t<\/div>\n\t\t\t\t<div class=\"elementor-element elementor-element-b24043f elementor-widget__width-initial elementor-widget elementor-widget-text-editor\" data-id=\"b24043f\" data-element_type=\"widget\" data-e-type=\"widget\" data-widget_type=\"text-editor.default\">\n\t\t\t\t<div class=\"elementor-widget-container\">\n\t\t\t\t\t\t\t\t\t<p>Auf dem Gel\u00e4nde einer ehemaligen Farbenfabrik entstand 2020 das Fachmarktzentrum \u201eTor zur Stadt\u201c. Es befindet sich in der N\u00e4he des Eisenacher Hauptbahnhofs und verf\u00fcgt \u00fcber ein Parkhaus mit drei Ebenen f\u00fcr 630 Stellpl\u00e4tze.<\/p>\t\t\t\t\t\t\t\t<\/div>\n\t\t\t\t<\/div>\n\t\t\t\t<div class=\"elementor-element elementor-element-cf67de7 elementor-widget__width-initial elementor-widget elementor-widget-heading\" data-id=\"cf67de7\" data-element_type=\"widget\" data-e-type=\"widget\" data-widget_type=\"heading.default\">\n\t\t\t\t<div class=\"elementor-widget-container\">\n\t\t\t\t\t<h2 class=\"elementor-heading-title elementor-size-default\">Unterschiedliche Bauweisen erfordern smarte L\u00f6sungen<\/h2>\t\t\t\t<\/div>\n\t\t\t\t<\/div>\n\t\t\t\t<div class=\"elementor-element elementor-element-0cc4d93 elementor-widget__width-initial elementor-widget elementor-widget-text-editor\" data-id=\"0cc4d93\" data-element_type=\"widget\" data-e-type=\"widget\" data-widget_type=\"text-editor.default\">\n\t\t\t\t<div class=\"elementor-widget-container\">\n\t\t\t\t\t\t\t\t\t<p>Das Parkhaus besteht aus drei Parkebenen mit jeweils unterschiedlicher Bauweise. Die \u00fcberdachte Parkebene PE 01 wurde mit einem w\u00e4rmeged\u00e4mmten Parkdachaufbau mit Betonfahrbahnbelag ausgef\u00fchrt. Die beiden oberen Parkebene PE 02 und 03 sind unged\u00e4mmt und in einer speziellen Stahlbauweise ausgef\u00fchrt. Die oberste Parkebene wurde als Freideck realisiert. Sie muss folglich erh\u00f6hten thermischen Belastung standhalten und zudem ist die Witterungsbest\u00e4ndigkeit des Parkdecksystems zu beachten.<\/p>\t\t\t\t\t\t\t\t<\/div>\n\t\t\t\t<\/div>\n\t\t\t\t<div class=\"elementor-element elementor-element-1db6db7 elementor-widget__width-initial elementor-widget elementor-widget-heading\" data-id=\"1db6db7\" data-element_type=\"widget\" data-e-type=\"widget\" data-widget_type=\"heading.default\">\n\t\t\t\t<div class=\"elementor-widget-container\">\n\t\t\t\t\t<h2 class=\"elementor-heading-title elementor-size-default\">Integration von 110 Stahl-St\u00fctzen<\/h2>\t\t\t\t<\/div>\n\t\t\t\t<\/div>\n\t\t\t\t<div class=\"elementor-element elementor-element-fa5de29 elementor-widget__width-initial elementor-widget elementor-widget-text-editor\" data-id=\"fa5de29\" data-element_type=\"widget\" data-e-type=\"widget\" data-widget_type=\"text-editor.default\">\n\t\t\t\t<div class=\"elementor-widget-container\">\n\t\t\t\t\t\t\t\t\t<p>Die Einbindung der Stahl-St\u00fctzen in den w\u00e4rmeged\u00e4mmten Parkdachaufbau hat Poburski Futura in enger Zusammenarbeit mit dem Fachplaner und dem ausf\u00fchrenden Stahlbauunternehmen geplant. Zum Einsatz kamen spezielle POBURSKI Futura MAX Systembauteile.<\/p>\t\t\t\t\t\t\t\t<\/div>\n\t\t\t\t<\/div>\n\t\t\t\t<div class=\"elementor-element elementor-element-369366f elementor-widget elementor-widget-heading\" data-id=\"369366f\" data-element_type=\"widget\" data-e-type=\"widget\" data-widget_type=\"heading.default\">\n\t\t\t\t<div class=\"elementor-widget-container\">\n\t\t\t\t\t<h3 class=\"elementor-heading-title elementor-size-default\">Fakten<\/h3>\t\t\t\t<\/div>\n\t\t\t\t<\/div>\n\t\t\t\t<div class=\"elementor-element elementor-element-2e274c0 ref_li_table elementor-widget elementor-widget-price-list\" data-id=\"2e274c0\" data-element_type=\"widget\" data-e-type=\"widget\" data-widget_type=\"price-list.default\">\n\t\t\t\t<div class=\"elementor-widget-container\">\n\t\t\t\t\t\n\t\t<ul class=\"elementor-price-list\">\n\n\t\t\t\t\t\t\t\t\t<li class=\"elementor-price-list-item\">\t\t\t\t\n\t\t\t\t<div class=\"elementor-price-list-text\">\n\t\t\t\t\t\t\t\t\t<div class=\"elementor-price-list-header\">\n\t\t\t\t\t\t\t\t\t\t\t<span class=\"elementor-price-list-title\">\n\t\t\t\t\t\t\tArt\t\t\t\t\t\t<\/span>\n\t\t\t\t\t\t\t\t\t\t\t\t\t\t\t\t\t\t\t\t\t\t\t\t<span class=\"elementor-price-list-price\">Neubau, Parkdach, Parkdeck<\/span>\n\t\t\t\t\t\t\t\t\t\t<\/div>\n\t\t\t\t\t\t\t\t\t\t\t\t<\/div>\n\t\t\t\t<\/li>\t\t\t\t\t\t\t\t\t\t\t\t<li class=\"elementor-price-list-item\">\t\t\t\t\n\t\t\t\t<div class=\"elementor-price-list-text\">\n\t\t\t\t\t\t\t\t\t<div class=\"elementor-price-list-header\">\n\t\t\t\t\t\t\t\t\t\t\t<span class=\"elementor-price-list-title\">\n\t\t\t\t\t\t\tStandort\t\t\t\t\t\t<\/span>\n\t\t\t\t\t\t\t\t\t\t\t\t\t\t\t\t\t\t\t\t\t\t\t\t<span class=\"elementor-price-list-price\">Eisenach<\/span>\n\t\t\t\t\t\t\t\t\t\t<\/div>\n\t\t\t\t\t\t\t\t\t\t\t\t<\/div>\n\t\t\t\t<\/li>\t\t\t\t\t\t\t\t\t\t\t\t<li class=\"elementor-price-list-item\">\t\t\t\t\n\t\t\t\t<div class=\"elementor-price-list-text\">\n\t\t\t\t\t\t\t\t\t<div class=\"elementor-price-list-header\">\n\t\t\t\t\t\t\t\t\t\t\t<span class=\"elementor-price-list-title\">\n\t\t\t\t\t\t\tFertigstellung\t\t\t\t\t\t<\/span>\n\t\t\t\t\t\t\t\t\t\t\t\t\t\t\t\t\t\t\t\t\t\t\t\t<span class=\"elementor-price-list-price\">2021<\/span>\n\t\t\t\t\t\t\t\t\t\t<\/div>\n\t\t\t\t\t\t\t\t\t\t\t\t<\/div>\n\t\t\t\t<\/li>\t\t\t\t\t\t\t\t\t\t\t\t<li class=\"elementor-price-list-item\">\t\t\t\t\n\t\t\t\t<div class=\"elementor-price-list-text\">\n\t\t\t\t\t\t\t\t\t<div class=\"elementor-price-list-header\">\n\t\t\t\t\t\t\t\t\t\t\t<span class=\"elementor-price-list-title\">\n\t\t\t\t\t\t\tFl\u00e4che des Projekts\t\t\t\t\t\t<\/span>\n\t\t\t\t\t\t\t\t\t\t\t\t\t\t\t\t\t\t\t\t\t\t\t\t<span class=\"elementor-price-list-price\">20.573 m\u00b2 auf drei Ebenen, 1.380 m\u00b2 Rampen<\/span>\n\t\t\t\t\t\t\t\t\t\t<\/div>\n\t\t\t\t\t\t\t\t\t\t\t\t<\/div>\n\t\t\t\t<\/li>\t\t\t\t\t\t\t\t\t\t\t\t<li class=\"elementor-price-list-item\">\t\t\t\t\n\t\t\t\t<div class=\"elementor-price-list-text\">\n\t\t\t\t\t\t\t\t\t<div class=\"elementor-price-list-header\">\n\t\t\t\t\t\t\t\t\t\t\t<span class=\"elementor-price-list-title\">\n\t\t\t\t\t\t\tNutzungsklasse\t\t\t\t\t\t<\/span>\n\t\t\t\t\t\t\t\t\t\t\t\t\t\t\t\t\t\t\t\t\t\t\t\t<span class=\"elementor-price-list-price\">PKW<\/span>\n\t\t\t\t\t\t\t\t\t\t<\/div>\n\t\t\t\t\t\t\t\t\t\t\t\t<\/div>\n\t\t\t\t<\/li>\t\t\t\t\t\t\t\t\t\t\t\t<li class=\"elementor-price-list-item\">\t\t\t\t\n\t\t\t\t<div class=\"elementor-price-list-text\">\n\t\t\t\t\t\t\t\t\t<div class=\"elementor-price-list-header\">\n\t\t\t\t\t\t\t\t\t\t\t<span class=\"elementor-price-list-title\">\n\t\t\t\t\t\t\tSystem\t\t\t\t\t\t<\/span>\n\t\t\t\t\t\t\t\t\t\t\t\t\t\t\t\t\t\t\t\t\t\t\t\t<span class=\"elementor-price-list-price\">POBURSKI Futura MAX<\/span>\n\t\t\t\t\t\t\t\t\t\t<\/div>\n\t\t\t\t\t\t\t\t\t\t\t\t<\/div>\n\t\t\t\t<\/li>\t\t\t\t\t\n\t\t<\/ul>\n\n\t\t\t\t\t\t<\/div>\n\t\t\t\t<\/div>\n\t\t\t\t\t<\/div>\n\t\t<\/div>\n\t\t\t\t\t<\/div>\n\t\t<\/section>\n\t\t\t\t<\/div>\n\t\t","protected":false},"excerpt":{"rendered":"<p>Fachmarktzentrum in Eisenach Tor zur Stadt 630 Stellpl\u00e4tze auf drei Ebenen Auf dem Gel\u00e4nde einer ehemaligen Farbenfabrik entstand 2020 das Fachmarktzentrum \u201eTor zur Stadt\u201c. Es befindet sich in der N\u00e4he des Eisenacher Hauptbahnhofs und verf\u00fcgt \u00fcber ein Parkhaus mit drei Ebenen f\u00fcr 630 Stellpl\u00e4tze. Unterschiedliche Bauweisen erfordern smarte L\u00f6sungen Das Parkhaus besteht aus drei Parkebenen [&hellip;]<\/p>\n","protected":false},"author":4,"featured_media":5840,"parent":0,"template":"","meta":{"site-sidebar-layout":"no-sidebar","site-content-layout":"default","ast-site-content-layout":"default","site-content-style":"default","site-sidebar-style":"default","ast-global-header-display":"","ast-banner-title-visibility":"","ast-main-header-display":"","ast-hfb-above-header-display":"","ast-hfb-below-header-display":"","ast-hfb-mobile-header-display":"","site-post-title":"disabled","ast-breadcrumbs-content":"","ast-featured-img":"","footer-sml-layout":"","ast-disable-related-posts":"","theme-transparent-header-meta":"","adv-header-id-meta":"","stick-header-meta":"","header-above-stick-meta":"","header-main-stick-meta":"","header-below-stick-meta":"","astra-migrate-meta-layouts":"set","ast-page-background-enabled":"default","ast-page-background-meta":{"desktop":{"background-color":"var(--ast-global-color-4)","background-image":"","background-repeat":"repeat","background-position":"center center","background-size":"auto","background-attachment":"scroll","background-type":"","background-media":"","overlay-type":"","overlay-color":"","overlay-opacity":"","overlay-gradient":""},"tablet":{"background-color":"","background-image":"","background-repeat":"repeat","background-position":"center center","background-size":"auto","background-attachment":"scroll","background-type":"","background-media":"","overlay-type":"","overlay-color":"","overlay-opacity":"","overlay-gradient":""},"mobile":{"background-color":"","background-image":"","background-repeat":"repeat","background-position":"center center","background-size":"auto","background-attachment":"scroll","background-type":"","background-media":"","overlay-type":"","overlay-color":"","overlay-opacity":"","overlay-gradient":""}},"ast-content-background-meta":{"desktop":{"background-color":"var(--ast-global-color-5)","background-image":"","background-repeat":"repeat","background-position":"center center","background-size":"auto","background-attachment":"scroll","background-type":"","background-media":"","overlay-type":"","overlay-color":"","overlay-opacity":"","overlay-gradient":""},"tablet":{"background-color":"var(--ast-global-color-5)","background-image":"","background-repeat":"repeat","background-position":"center center","background-size":"auto","background-attachment":"scroll","background-type":"","background-media":"","overlay-type":"","overlay-color":"","overlay-opacity":"","overlay-gradient":""},"mobile":{"background-color":"var(--ast-global-color-5)","background-image":"","background-repeat":"repeat","background-position":"center center","background-size":"auto","background-attachment":"scroll","background-type":"","background-media":"","overlay-type":"","overlay-color":"","overlay-opacity":"","overlay-gradient":""}},"_vp_format_video_url":"","_vp_image_focal_point":{"x":0.59,"y":0.59},"footnotes":""},"referenz-art":[28],"referenz":[49,29,30],"class_list":["post-4683","referenzen-single","type-referenzen-single","status-publish","has-post-thumbnail","hentry","referenz-art-klein","referenz-neubau-parkdaecher-parkdecks","referenz-parkdaecher","referenz-parkdecks"],"yoast_head":"<!-- This site is optimized with the Yoast SEO Premium plugin v27.5 (Yoast SEO v27.5) - https:\/\/yoast.com\/product\/yoast-seo-premium-wordpress\/ -->\n<title>Fachmarktzentrum in Eisenach - Poburski Futura<\/title>\n<meta name=\"robots\" content=\"index, follow, max-snippet:-1, max-image-preview:large, max-video-preview:-1\" \/>\n<link rel=\"canonical\" href=\"https:\/\/www.poburski-futura.de\/en\/referenzen-single\/fachmarktzentrum-eisenach\/\" \/>\n<meta property=\"og:locale\" content=\"en_US\" \/>\n<meta property=\"og:type\" content=\"article\" \/>\n<meta property=\"og:title\" content=\"Fachmarktzentrum in Eisenach\" \/>\n<meta property=\"og:description\" content=\"Fachmarktzentrum in Eisenach Tor zur Stadt 630 Stellpl\u00e4tze auf drei Ebenen Auf dem Gel\u00e4nde einer ehemaligen Farbenfabrik entstand 2020 das Fachmarktzentrum \u201eTor zur Stadt\u201c. Es befindet sich in der N\u00e4he des Eisenacher Hauptbahnhofs und verf\u00fcgt \u00fcber ein Parkhaus mit drei Ebenen f\u00fcr 630 Stellpl\u00e4tze. Unterschiedliche Bauweisen erfordern smarte L\u00f6sungen Das Parkhaus besteht aus drei Parkebenen [&hellip;]\" \/>\n<meta property=\"og:url\" content=\"https:\/\/www.poburski-futura.de\/en\/referenzen-single\/fachmarktzentrum-eisenach\/\" \/>\n<meta property=\"og:site_name\" content=\"Poburski Futura\" \/>\n<meta property=\"article:modified_time\" content=\"2025-08-01T12:08:19+00:00\" \/>\n<meta property=\"og:image\" content=\"https:\/\/www.poburski-futura.de\/wp-content\/uploads\/2023\/11\/Poburski-Futura-Referenz-Eisenach.jpg\" \/>\n\t<meta property=\"og:image:width\" content=\"1500\" \/>\n\t<meta property=\"og:image:height\" content=\"1000\" \/>\n\t<meta property=\"og:image:type\" content=\"image\/jpeg\" \/>\n<meta name=\"twitter:card\" content=\"summary_large_image\" \/>\n<meta name=\"twitter:label1\" content=\"Est. reading time\" \/>\n\t<meta name=\"twitter:data1\" content=\"1 minute\" \/>\n<script type=\"application\/ld+json\" class=\"yoast-schema-graph\">{\"@context\":\"https:\\\/\\\/schema.org\",\"@graph\":[{\"@type\":\"WebPage\",\"@id\":\"https:\\\/\\\/www.poburski-futura.de\\\/en\\\/referenzen-single\\\/fachmarktzentrum-eisenach\\\/\",\"url\":\"https:\\\/\\\/www.poburski-futura.de\\\/en\\\/referenzen-single\\\/fachmarktzentrum-eisenach\\\/\",\"name\":\"Fachmarktzentrum in Eisenach - Poburski Futura\",\"isPartOf\":{\"@id\":\"https:\\\/\\\/www.poburski-futura.de\\\/en\\\/#website\"},\"primaryImageOfPage\":{\"@id\":\"https:\\\/\\\/www.poburski-futura.de\\\/en\\\/referenzen-single\\\/fachmarktzentrum-eisenach\\\/#primaryimage\"},\"image\":{\"@id\":\"https:\\\/\\\/www.poburski-futura.de\\\/en\\\/referenzen-single\\\/fachmarktzentrum-eisenach\\\/#primaryimage\"},\"thumbnailUrl\":\"https:\\\/\\\/www.poburski-futura.de\\\/wp-content\\\/uploads\\\/2023\\\/11\\\/Poburski-Futura-Referenz-Eisenach.jpg\",\"datePublished\":\"2023-09-14T13:00:23+00:00\",\"dateModified\":\"2025-08-01T12:08:19+00:00\",\"breadcrumb\":{\"@id\":\"https:\\\/\\\/www.poburski-futura.de\\\/en\\\/referenzen-single\\\/fachmarktzentrum-eisenach\\\/#breadcrumb\"},\"inLanguage\":\"en-US\",\"potentialAction\":[{\"@type\":\"ReadAction\",\"target\":[\"https:\\\/\\\/www.poburski-futura.de\\\/en\\\/referenzen-single\\\/fachmarktzentrum-eisenach\\\/\"]}]},{\"@type\":\"ImageObject\",\"inLanguage\":\"en-US\",\"@id\":\"https:\\\/\\\/www.poburski-futura.de\\\/en\\\/referenzen-single\\\/fachmarktzentrum-eisenach\\\/#primaryimage\",\"url\":\"https:\\\/\\\/www.poburski-futura.de\\\/wp-content\\\/uploads\\\/2023\\\/11\\\/Poburski-Futura-Referenz-Eisenach.jpg\",\"contentUrl\":\"https:\\\/\\\/www.poburski-futura.de\\\/wp-content\\\/uploads\\\/2023\\\/11\\\/Poburski-Futura-Referenz-Eisenach.jpg\",\"width\":1500,\"height\":1000,\"caption\":\"Fast sechs Fu\u00dfballfelder: So gro\u00df ist das Parkdach auf dem Einkaufszentrum KaufPark in Nickern. Im S\u00fcdwesten von Dresden wird das nicht mehr zeitgem\u00e4\u00dfe Einkaufszentrum \\\"Kaufpark\\\" durch einen modernen Neubau ersetzt.\"},{\"@type\":\"BreadcrumbList\",\"@id\":\"https:\\\/\\\/www.poburski-futura.de\\\/en\\\/referenzen-single\\\/fachmarktzentrum-eisenach\\\/#breadcrumb\",\"itemListElement\":[{\"@type\":\"ListItem\",\"position\":1,\"name\":\"Startseite\",\"item\":\"https:\\\/\\\/www.poburski-futura.de\\\/en\\\/\"},{\"@type\":\"ListItem\",\"position\":2,\"name\":\"Referenzen\",\"item\":\"https:\\\/\\\/www.poburski-futura.de\\\/en\\\/referenzen-single\\\/\"},{\"@type\":\"ListItem\",\"position\":3,\"name\":\"Fachmarktzentrum in Eisenach\"}]},{\"@type\":\"WebSite\",\"@id\":\"https:\\\/\\\/www.poburski-futura.de\\\/en\\\/#website\",\"url\":\"https:\\\/\\\/www.poburski-futura.de\\\/en\\\/\",\"name\":\"Poburski Futura\",\"description\":\"Parkdecks - Parkd\u00e4cher - Parkdeck Beschichtungen\",\"publisher\":{\"@id\":\"https:\\\/\\\/www.poburski-futura.de\\\/en\\\/#organization\"},\"potentialAction\":[{\"@type\":\"SearchAction\",\"target\":{\"@type\":\"EntryPoint\",\"urlTemplate\":\"https:\\\/\\\/www.poburski-futura.de\\\/en\\\/?s={search_term_string}\"},\"query-input\":{\"@type\":\"PropertyValueSpecification\",\"valueRequired\":true,\"valueName\":\"search_term_string\"}}],\"inLanguage\":\"en-US\"},{\"@type\":[\"Organization\",\"Place\"],\"@id\":\"https:\\\/\\\/www.poburski-futura.de\\\/en\\\/#organization\",\"name\":\"POBURSKI FUTURA\",\"url\":\"https:\\\/\\\/www.poburski-futura.de\\\/en\\\/\",\"logo\":{\"@id\":\"https:\\\/\\\/www.poburski-futura.de\\\/en\\\/referenzen-single\\\/fachmarktzentrum-eisenach\\\/#local-main-organization-logo\"},\"image\":{\"@id\":\"https:\\\/\\\/www.poburski-futura.de\\\/en\\\/referenzen-single\\\/fachmarktzentrum-eisenach\\\/#local-main-organization-logo\"},\"sameAs\":[\"https:\\\/\\\/www.linkedin.com\\\/company\\\/poburski-futura-gmbh\"],\"telephone\":[],\"openingHoursSpecification\":[{\"@type\":\"OpeningHoursSpecification\",\"dayOfWeek\":[\"Monday\",\"Tuesday\",\"Wednesday\",\"Thursday\",\"Friday\",\"Saturday\",\"Sunday\"],\"opens\":\"09:00\",\"closes\":\"17:00\"}]},{\"@type\":\"ImageObject\",\"inLanguage\":\"en-US\",\"@id\":\"https:\\\/\\\/www.poburski-futura.de\\\/en\\\/referenzen-single\\\/fachmarktzentrum-eisenach\\\/#local-main-organization-logo\",\"url\":\"https:\\\/\\\/www.poburski-futura.de\\\/wp-content\\\/uploads\\\/2023\\\/07\\\/POB_Logo_zweizeilig_gruen_rgb.png\",\"contentUrl\":\"https:\\\/\\\/www.poburski-futura.de\\\/wp-content\\\/uploads\\\/2023\\\/07\\\/POB_Logo_zweizeilig_gruen_rgb.png\",\"width\":375,\"height\":188,\"caption\":\"POBURSKI FUTURA\"}]}<\/script>\n<!-- \/ Yoast SEO Premium plugin. -->","yoast_head_json":{"title":"Fachmarktzentrum in Eisenach - Poburski Futura","robots":{"index":"index","follow":"follow","max-snippet":"max-snippet:-1","max-image-preview":"max-image-preview:large","max-video-preview":"max-video-preview:-1"},"canonical":"https:\/\/www.poburski-futura.de\/en\/referenzen-single\/fachmarktzentrum-eisenach\/","og_locale":"en_US","og_type":"article","og_title":"Fachmarktzentrum in Eisenach","og_description":"Fachmarktzentrum in Eisenach Tor zur Stadt 630 Stellpl\u00e4tze auf drei Ebenen Auf dem Gel\u00e4nde einer ehemaligen Farbenfabrik entstand 2020 das Fachmarktzentrum \u201eTor zur Stadt\u201c. Es befindet sich in der N\u00e4he des Eisenacher Hauptbahnhofs und verf\u00fcgt \u00fcber ein Parkhaus mit drei Ebenen f\u00fcr 630 Stellpl\u00e4tze. Unterschiedliche Bauweisen erfordern smarte L\u00f6sungen Das Parkhaus besteht aus drei Parkebenen [&hellip;]","og_url":"https:\/\/www.poburski-futura.de\/en\/referenzen-single\/fachmarktzentrum-eisenach\/","og_site_name":"Poburski Futura","article_modified_time":"2025-08-01T12:08:19+00:00","og_image":[{"width":1500,"height":1000,"url":"https:\/\/www.poburski-futura.de\/wp-content\/uploads\/2023\/11\/Poburski-Futura-Referenz-Eisenach.jpg","type":"image\/jpeg"}],"twitter_card":"summary_large_image","twitter_misc":{"Est. reading time":"1 minute"},"schema":{"@context":"https:\/\/schema.org","@graph":[{"@type":"WebPage","@id":"https:\/\/www.poburski-futura.de\/en\/referenzen-single\/fachmarktzentrum-eisenach\/","url":"https:\/\/www.poburski-futura.de\/en\/referenzen-single\/fachmarktzentrum-eisenach\/","name":"Fachmarktzentrum in Eisenach - Poburski Futura","isPartOf":{"@id":"https:\/\/www.poburski-futura.de\/en\/#website"},"primaryImageOfPage":{"@id":"https:\/\/www.poburski-futura.de\/en\/referenzen-single\/fachmarktzentrum-eisenach\/#primaryimage"},"image":{"@id":"https:\/\/www.poburski-futura.de\/en\/referenzen-single\/fachmarktzentrum-eisenach\/#primaryimage"},"thumbnailUrl":"https:\/\/www.poburski-futura.de\/wp-content\/uploads\/2023\/11\/Poburski-Futura-Referenz-Eisenach.jpg","datePublished":"2023-09-14T13:00:23+00:00","dateModified":"2025-08-01T12:08:19+00:00","breadcrumb":{"@id":"https:\/\/www.poburski-futura.de\/en\/referenzen-single\/fachmarktzentrum-eisenach\/#breadcrumb"},"inLanguage":"en-US","potentialAction":[{"@type":"ReadAction","target":["https:\/\/www.poburski-futura.de\/en\/referenzen-single\/fachmarktzentrum-eisenach\/"]}]},{"@type":"ImageObject","inLanguage":"en-US","@id":"https:\/\/www.poburski-futura.de\/en\/referenzen-single\/fachmarktzentrum-eisenach\/#primaryimage","url":"https:\/\/www.poburski-futura.de\/wp-content\/uploads\/2023\/11\/Poburski-Futura-Referenz-Eisenach.jpg","contentUrl":"https:\/\/www.poburski-futura.de\/wp-content\/uploads\/2023\/11\/Poburski-Futura-Referenz-Eisenach.jpg","width":1500,"height":1000,"caption":"Fast sechs Fu\u00dfballfelder: So gro\u00df ist das Parkdach auf dem Einkaufszentrum KaufPark in Nickern. Im S\u00fcdwesten von Dresden wird das nicht mehr zeitgem\u00e4\u00dfe Einkaufszentrum \"Kaufpark\" durch einen modernen Neubau ersetzt."},{"@type":"BreadcrumbList","@id":"https:\/\/www.poburski-futura.de\/en\/referenzen-single\/fachmarktzentrum-eisenach\/#breadcrumb","itemListElement":[{"@type":"ListItem","position":1,"name":"Startseite","item":"https:\/\/www.poburski-futura.de\/en\/"},{"@type":"ListItem","position":2,"name":"Referenzen","item":"https:\/\/www.poburski-futura.de\/en\/referenzen-single\/"},{"@type":"ListItem","position":3,"name":"Fachmarktzentrum in Eisenach"}]},{"@type":"WebSite","@id":"https:\/\/www.poburski-futura.de\/en\/#website","url":"https:\/\/www.poburski-futura.de\/en\/","name":"Poburski Futura","description":"Parkdecks - Parkd\u00e4cher - Parkdeck Beschichtungen","publisher":{"@id":"https:\/\/www.poburski-futura.de\/en\/#organization"},"potentialAction":[{"@type":"SearchAction","target":{"@type":"EntryPoint","urlTemplate":"https:\/\/www.poburski-futura.de\/en\/?s={search_term_string}"},"query-input":{"@type":"PropertyValueSpecification","valueRequired":true,"valueName":"search_term_string"}}],"inLanguage":"en-US"},{"@type":["Organization","Place"],"@id":"https:\/\/www.poburski-futura.de\/en\/#organization","name":"POBURSKI FUTURA","url":"https:\/\/www.poburski-futura.de\/en\/","logo":{"@id":"https:\/\/www.poburski-futura.de\/en\/referenzen-single\/fachmarktzentrum-eisenach\/#local-main-organization-logo"},"image":{"@id":"https:\/\/www.poburski-futura.de\/en\/referenzen-single\/fachmarktzentrum-eisenach\/#local-main-organization-logo"},"sameAs":["https:\/\/www.linkedin.com\/company\/poburski-futura-gmbh"],"telephone":[],"openingHoursSpecification":[{"@type":"OpeningHoursSpecification","dayOfWeek":["Monday","Tuesday","Wednesday","Thursday","Friday","Saturday","Sunday"],"opens":"09:00","closes":"17:00"}]},{"@type":"ImageObject","inLanguage":"en-US","@id":"https:\/\/www.poburski-futura.de\/en\/referenzen-single\/fachmarktzentrum-eisenach\/#local-main-organization-logo","url":"https:\/\/www.poburski-futura.de\/wp-content\/uploads\/2023\/07\/POB_Logo_zweizeilig_gruen_rgb.png","contentUrl":"https:\/\/www.poburski-futura.de\/wp-content\/uploads\/2023\/07\/POB_Logo_zweizeilig_gruen_rgb.png","width":375,"height":188,"caption":"POBURSKI FUTURA"}]}},"_links":{"self":[{"href":"https:\/\/www.poburski-futura.de\/en\/wp-json\/wp\/v2\/referenzen-single\/4683","targetHints":{"allow":["GET"]}}],"collection":[{"href":"https:\/\/www.poburski-futura.de\/en\/wp-json\/wp\/v2\/referenzen-single"}],"about":[{"href":"https:\/\/www.poburski-futura.de\/en\/wp-json\/wp\/v2\/types\/referenzen-single"}],"author":[{"embeddable":true,"href":"https:\/\/www.poburski-futura.de\/en\/wp-json\/wp\/v2\/users\/4"}],"version-history":[{"count":45,"href":"https:\/\/www.poburski-futura.de\/en\/wp-json\/wp\/v2\/referenzen-single\/4683\/revisions"}],"predecessor-version":[{"id":7415,"href":"https:\/\/www.poburski-futura.de\/en\/wp-json\/wp\/v2\/referenzen-single\/4683\/revisions\/7415"}],"wp:featuredmedia":[{"embeddable":true,"href":"https:\/\/www.poburski-futura.de\/en\/wp-json\/wp\/v2\/media\/5840"}],"wp:attachment":[{"href":"https:\/\/www.poburski-futura.de\/en\/wp-json\/wp\/v2\/media?parent=4683"}],"wp:term":[{"taxonomy":"referenz-art","embeddable":true,"href":"https:\/\/www.poburski-futura.de\/en\/wp-json\/wp\/v2\/referenz-art?post=4683"},{"taxonomy":"referenz","embeddable":true,"href":"https:\/\/www.poburski-futura.de\/en\/wp-json\/wp\/v2\/referenz?post=4683"}],"curies":[{"name":"wp","href":"https:\/\/api.w.org\/{rel}","templated":true}]}}