{"id":7394,"date":"2025-08-01T11:54:08","date_gmt":"2025-08-01T11:54:08","guid":{"rendered":"https:\/\/www.poburski-futura.de\/?post_type=referenzen-single&#038;p=7394"},"modified":"2025-08-01T12:02:41","modified_gmt":"2025-08-01T12:02:41","slug":"glacis-galerie-neu-ulm","status":"publish","type":"referenzen-single","link":"https:\/\/www.poburski-futura.de\/en\/referenzen-single\/glacis-galerie-neu-ulm\/","title":{"rendered":"Glacis Galerie Neu-Ulm"},"content":{"rendered":"\t\t<div data-elementor-type=\"wp-post\" data-elementor-id=\"7394\" class=\"elementor elementor-7394\" data-elementor-post-type=\"referenzen-single\">\n\t\t\t\t\t\t<section class=\"elementor-section elementor-top-section elementor-element elementor-element-3f0b22a elementor-section-boxed elementor-section-height-default elementor-section-height-default\" data-id=\"3f0b22a\" data-element_type=\"section\" data-e-type=\"section\">\n\t\t\t\t\t\t<div class=\"elementor-container elementor-column-gap-default\">\n\t\t\t\t\t<div class=\"elementor-column elementor-col-50 elementor-top-column elementor-element elementor-element-9363c57\" data-id=\"9363c57\" data-element_type=\"column\" data-e-type=\"column\">\n\t\t\t<div class=\"elementor-widget-wrap elementor-element-populated\">\n\t\t\t\t\t\t<div class=\"elementor-element elementor-element-7c1c6b9 elementor-widget elementor-widget-gallery\" data-id=\"7c1c6b9\" data-element_type=\"widget\" data-e-type=\"widget\" data-settings=\"{&quot;columns&quot;:1,&quot;lazyload&quot;:&quot;yes&quot;,&quot;gallery_layout&quot;:&quot;grid&quot;,&quot;columns_tablet&quot;:2,&quot;columns_mobile&quot;:1,&quot;gap&quot;:{&quot;unit&quot;:&quot;px&quot;,&quot;size&quot;:10,&quot;sizes&quot;:[]},&quot;gap_tablet&quot;:{&quot;unit&quot;:&quot;px&quot;,&quot;size&quot;:10,&quot;sizes&quot;:[]},&quot;gap_mobile&quot;:{&quot;unit&quot;:&quot;px&quot;,&quot;size&quot;:10,&quot;sizes&quot;:[]},&quot;link_to&quot;:&quot;file&quot;,&quot;aspect_ratio&quot;:&quot;3:2&quot;,&quot;overlay_background&quot;:&quot;yes&quot;,&quot;content_hover_animation&quot;:&quot;fade-in&quot;}\" data-widget_type=\"gallery.default\">\n\t\t\t\t<div class=\"elementor-widget-container\">\n\t\t\t\t\t\t\t<div class=\"elementor-gallery__container\">\n\t\t\t\t\t\t\t<a class=\"e-gallery-item elementor-gallery-item elementor-animated-content\" href=\"https:\/\/www.poburski-futura.de\/wp-content\/uploads\/2025\/08\/Poburski-Futura-Parkdach-Neubau-Glacis-Galerie-Neu-Ulm-1.jpg\" data-elementor-open-lightbox=\"no\">\n\t\t\t\t\t<div class=\"e-gallery-image elementor-gallery-item__image\" data-thumbnail=\"https:\/\/www.poburski-futura.de\/wp-content\/uploads\/2025\/08\/Poburski-Futura-Parkdach-Neubau-Glacis-Galerie-Neu-Ulm-1-750x500.jpg\" data-width=\"750\" data-height=\"500\" aria-label=\"In der N\u00e4he des Neu-Ulmer Bahnhofs gelegen, besticht das innerst\u00e4dtische Einkaufszentrum durch seine anspruchsvolle Parkdachl\u00f6sung und bietet 1.100 Stellpl\u00e4tze f\u00fcr Besucher und Pendler. Diese komplexe Geometrie stellte besondere Anforderungen an die Gef\u00e4lleplanung, Entw\u00e4sserung und die Ausf\u00fchrung des Plattenrasters der Betonfahrbahnplatten.\" role=\"img\" ><\/div>\n\t\t\t\t\t\t\t\t\t\t\t<div class=\"elementor-gallery-item__overlay\"><\/div>\n\t\t\t\t\t\t\t\t\t\t\t\t\t\t<\/a>\n\t\t\t\t\t\t\t<a class=\"e-gallery-item elementor-gallery-item elementor-animated-content\" href=\"https:\/\/www.poburski-futura.de\/wp-content\/uploads\/2025\/08\/Poburski-Futura-Parkdach-Neubau-Glacis-Galerie-Neu-Ulm-2.jpg\" data-elementor-open-lightbox=\"no\">\n\t\t\t\t\t<div class=\"e-gallery-image elementor-gallery-item__image\" data-thumbnail=\"https:\/\/www.poburski-futura.de\/wp-content\/uploads\/2025\/08\/Poburski-Futura-Parkdach-Neubau-Glacis-Galerie-Neu-Ulm-2-750x500.jpg\" data-width=\"750\" data-height=\"500\" aria-label=\"In der N\u00e4he des Neu-Ulmer Bahnhofs gelegen, besticht das innerst\u00e4dtische Einkaufszentrum durch seine anspruchsvolle Parkdachl\u00f6sung und bietet 1.100 Stellpl\u00e4tze f\u00fcr Besucher und Pendler. Diese komplexe Geometrie stellte besondere Anforderungen an die Gef\u00e4lleplanung, Entw\u00e4sserung und die Ausf\u00fchrung des Plattenrasters der Betonfahrbahnplatten.\" role=\"img\" ><\/div>\n\t\t\t\t\t\t\t\t\t\t\t<div class=\"elementor-gallery-item__overlay\"><\/div>\n\t\t\t\t\t\t\t\t\t\t\t\t\t\t<\/a>\n\t\t\t\t\t\t\t<a class=\"e-gallery-item elementor-gallery-item elementor-animated-content\" href=\"https:\/\/www.poburski-futura.de\/wp-content\/uploads\/2025\/08\/Poburski-Futura-Parkhaus-Neubau-Glacis-Galerie-Neu-Ulm-3.jpg\" data-elementor-open-lightbox=\"no\">\n\t\t\t\t\t<div class=\"e-gallery-image elementor-gallery-item__image\" data-thumbnail=\"https:\/\/www.poburski-futura.de\/wp-content\/uploads\/2025\/08\/Poburski-Futura-Parkhaus-Neubau-Glacis-Galerie-Neu-Ulm-3-750x500.jpg\" data-width=\"750\" data-height=\"500\" aria-label=\"In der N\u00e4he des Neu-Ulmer Bahnhofs gelegen, besticht das innerst\u00e4dtische Einkaufszentrum durch seine anspruchsvolle Parkdachl\u00f6sung und bietet 1.100 Stellpl\u00e4tze f\u00fcr Besucher und Pendler. Diese komplexe Geometrie stellte besondere Anforderungen an die Gef\u00e4lleplanung, Entw\u00e4sserung und die Ausf\u00fchrung des Plattenrasters der Betonfahrbahnplatten.\" role=\"img\" ><\/div>\n\t\t\t\t\t\t\t\t\t\t\t<div class=\"elementor-gallery-item__overlay\"><\/div>\n\t\t\t\t\t\t\t\t\t\t\t\t\t\t<\/a>\n\t\t\t\t\t\t\t<a class=\"e-gallery-item elementor-gallery-item elementor-animated-content\" href=\"https:\/\/www.poburski-futura.de\/wp-content\/uploads\/2025\/08\/Poburski-Futura-Parkhaus-Neubau-Glacis-Galerie-Neu-Ulm-4.jpg\" data-elementor-open-lightbox=\"no\">\n\t\t\t\t\t<div class=\"e-gallery-image elementor-gallery-item__image\" data-thumbnail=\"https:\/\/www.poburski-futura.de\/wp-content\/uploads\/2025\/08\/Poburski-Futura-Parkhaus-Neubau-Glacis-Galerie-Neu-Ulm-4-750x500.jpg\" data-width=\"750\" data-height=\"500\" aria-label=\"In der N\u00e4he des Neu-Ulmer Bahnhofs gelegen, besticht das innerst\u00e4dtische Einkaufszentrum durch seine anspruchsvolle Parkdachl\u00f6sung und bietet 1.100 Stellpl\u00e4tze f\u00fcr Besucher und Pendler. Diese komplexe Geometrie stellte besondere Anforderungen an die Gef\u00e4lleplanung, Entw\u00e4sserung und die Ausf\u00fchrung des Plattenrasters der Betonfahrbahnplatten.\" role=\"img\" ><\/div>\n\t\t\t\t\t\t\t\t\t\t\t<div class=\"elementor-gallery-item__overlay\"><\/div>\n\t\t\t\t\t\t\t\t\t\t\t\t\t\t<\/a>\n\t\t\t\t\t<\/div>\n\t\t\t\t\t<\/div>\n\t\t\t\t<\/div>\n\t\t\t\t\t<\/div>\n\t\t<\/div>\n\t\t\t\t<div class=\"elementor-column elementor-col-50 elementor-top-column elementor-element elementor-element-d5922e6\" data-id=\"d5922e6\" data-element_type=\"column\" data-e-type=\"column\">\n\t\t\t<div class=\"elementor-widget-wrap elementor-element-populated\">\n\t\t\t\t\t\t<div class=\"elementor-element elementor-element-dcbd1a5 elementor-widget elementor-widget-heading\" data-id=\"dcbd1a5\" data-element_type=\"widget\" data-e-type=\"widget\" data-widget_type=\"heading.default\">\n\t\t\t\t<div class=\"elementor-widget-container\">\n\t\t\t\t\t<h1 class=\"elementor-heading-title elementor-size-default\">Glacis Galerie Neu-Ulm<\/h1>\t\t\t\t<\/div>\n\t\t\t\t<\/div>\n\t\t\t\t<div class=\"elementor-element elementor-element-8ce61f1 elementor-widget__width-initial elementor-widget elementor-widget-heading\" data-id=\"8ce61f1\" data-element_type=\"widget\" data-e-type=\"widget\" data-widget_type=\"heading.default\">\n\t\t\t\t<div class=\"elementor-widget-container\">\n\t\t\t\t\t<h2 class=\"elementor-heading-title elementor-size-default\">Durchl\u00e4ssige Architektur<\/h2>\t\t\t\t<\/div>\n\t\t\t\t<\/div>\n\t\t\t\t<div class=\"elementor-element elementor-element-59fef69 elementor-widget__width-initial elementor-widget elementor-widget-heading\" data-id=\"59fef69\" data-element_type=\"widget\" data-e-type=\"widget\" data-widget_type=\"heading.default\">\n\t\t\t\t<div class=\"elementor-widget-container\">\n\t\t\t\t\t<h2 class=\"elementor-heading-title elementor-size-default\">Parkraum f\u00fcr die Neu-Ulmer-Innenstadt<\/h2>\t\t\t\t<\/div>\n\t\t\t\t<\/div>\n\t\t\t\t<div class=\"elementor-element elementor-element-b24043f elementor-widget__width-initial elementor-widget elementor-widget-text-editor\" data-id=\"b24043f\" data-element_type=\"widget\" data-e-type=\"widget\" data-widget_type=\"text-editor.default\">\n\t\t\t\t<div class=\"elementor-widget-container\">\n\t\t\t\t\t\t\t\t\t<p>In der N\u00e4he des Neu-Ulmer Bahnhofs gelegen, besticht das innerst\u00e4dtische Einkaufszentrum durch seine anspruchsvolle Parkdachl\u00f6sung und bietet 1.100 Stellpl\u00e4tze f\u00fcr Besucher und Pendler.<\/p>\t\t\t\t\t\t\t\t<\/div>\n\t\t\t\t<\/div>\n\t\t\t\t<div class=\"elementor-element elementor-element-cf67de7 elementor-widget__width-initial elementor-widget elementor-widget-heading\" data-id=\"cf67de7\" data-element_type=\"widget\" data-e-type=\"widget\" data-widget_type=\"heading.default\">\n\t\t\t\t<div class=\"elementor-widget-container\">\n\t\t\t\t\t<h2 class=\"elementor-heading-title elementor-size-default\">Drei Parkd\u00e4cher, zwei \u00dcberf\u00fchrungen <\/h2>\t\t\t\t<\/div>\n\t\t\t\t<\/div>\n\t\t\t\t<div class=\"elementor-element elementor-element-0cc4d93 elementor-widget__width-initial elementor-widget elementor-widget-text-editor\" data-id=\"0cc4d93\" data-element_type=\"widget\" data-e-type=\"widget\" data-widget_type=\"text-editor.default\">\n\t\t\t\t<div class=\"elementor-widget-container\">\n\t\t\t\t\t\t\t\t\t<p>Mitten in Neu-Ulm entstand ein modernes Einkaufszentrum mit architektonischer Besonderheit: Drei einzelne Parkd\u00e4cher \u2013 jeweils f\u00fcr Haus 1 (6.955\u202fm\u00b2), Haus 2 (7.193\u202fm\u00b2) und Haus 3 (5.810\u202fm\u00b2) \u2013 wurden durch zwei br\u00fcckenartige \u00dcberfahrten miteinander verbunden. Die Glacis Galerie liegt als Querriegel zwischen Innenstadt und Bahnhof und integriert zwei Stra\u00dfen, die das Geb\u00e4ude durchqueren.<\/p>\t\t\t\t\t\t\t\t<\/div>\n\t\t\t\t<\/div>\n\t\t\t\t<div class=\"elementor-element elementor-element-1db6db7 elementor-widget__width-initial elementor-widget elementor-widget-heading\" data-id=\"1db6db7\" data-element_type=\"widget\" data-e-type=\"widget\" data-widget_type=\"heading.default\">\n\t\t\t\t<div class=\"elementor-widget-container\">\n\t\t\t\t\t<h2 class=\"elementor-heading-title elementor-size-default\">Komplexe Geometrie erfordert ma\u00dfgeschneiderte Planung<\/h2>\t\t\t\t<\/div>\n\t\t\t\t<\/div>\n\t\t\t\t<div class=\"elementor-element elementor-element-fa5de29 elementor-widget__width-initial elementor-widget elementor-widget-text-editor\" data-id=\"fa5de29\" data-element_type=\"widget\" data-e-type=\"widget\" data-widget_type=\"text-editor.default\">\n\t\t\t\t<div class=\"elementor-widget-container\">\n\t\t\t\t\t\t\t\t\t<p>Diese komplexe Geometrie stellte besondere Anforderungen an die Gef\u00e4lleplanung, Entw\u00e4sserung und die Ausf\u00fchrung des Plattenrasters der Betonfahrbahnplatten. Dank fr\u00fchzeitiger Einbindung in die Planungsphase und einer engen Zusammenarbeit mit dem Architekturb\u00fcro nps Tchoban Voss konnte eine technisch und gestalterisch \u00fcberzeugende L\u00f6sung umgesetzt werden.<\/p><p>Die Glacis Galerie wurde im Jahr 2015 er\u00f6ffnet und ist benannt nach der historischen Bundesfestung Ulm \u2013 der einst gr\u00f6\u00dften Festungsanlage Europas.<\/p>\t\t\t\t\t\t\t\t<\/div>\n\t\t\t\t<\/div>\n\t\t\t\t<div class=\"elementor-element elementor-element-369366f elementor-widget elementor-widget-heading\" data-id=\"369366f\" data-element_type=\"widget\" data-e-type=\"widget\" data-widget_type=\"heading.default\">\n\t\t\t\t<div class=\"elementor-widget-container\">\n\t\t\t\t\t<h3 class=\"elementor-heading-title elementor-size-default\">Fakten<\/h3>\t\t\t\t<\/div>\n\t\t\t\t<\/div>\n\t\t\t\t<div class=\"elementor-element elementor-element-2e274c0 ref_li_table elementor-widget elementor-widget-price-list\" data-id=\"2e274c0\" data-element_type=\"widget\" data-e-type=\"widget\" data-widget_type=\"price-list.default\">\n\t\t\t\t<div class=\"elementor-widget-container\">\n\t\t\t\t\t\n\t\t<ul class=\"elementor-price-list\">\n\n\t\t\t\t\t\t\t\t\t<li class=\"elementor-price-list-item\">\t\t\t\t\n\t\t\t\t<div class=\"elementor-price-list-text\">\n\t\t\t\t\t\t\t\t\t<div class=\"elementor-price-list-header\">\n\t\t\t\t\t\t\t\t\t\t\t<span class=\"elementor-price-list-title\">\n\t\t\t\t\t\t\tArt\t\t\t\t\t\t<\/span>\n\t\t\t\t\t\t\t\t\t\t\t\t\t\t\t\t\t\t\t\t\t\t\t\t<span class=\"elementor-price-list-price\">Neubau, Parkdach<\/span>\n\t\t\t\t\t\t\t\t\t\t<\/div>\n\t\t\t\t\t\t\t\t\t\t\t\t<\/div>\n\t\t\t\t<\/li>\t\t\t\t\t\t\t\t\t\t\t\t<li class=\"elementor-price-list-item\">\t\t\t\t\n\t\t\t\t<div class=\"elementor-price-list-text\">\n\t\t\t\t\t\t\t\t\t<div class=\"elementor-price-list-header\">\n\t\t\t\t\t\t\t\t\t\t\t<span class=\"elementor-price-list-title\">\n\t\t\t\t\t\t\tStandort\t\t\t\t\t\t<\/span>\n\t\t\t\t\t\t\t\t\t\t\t\t\t\t\t\t\t\t\t\t\t\t\t\t<span class=\"elementor-price-list-price\">Neu-Ulm<\/span>\n\t\t\t\t\t\t\t\t\t\t<\/div>\n\t\t\t\t\t\t\t\t\t\t\t\t<\/div>\n\t\t\t\t<\/li>\t\t\t\t\t\t\t\t\t\t\t\t<li class=\"elementor-price-list-item\">\t\t\t\t\n\t\t\t\t<div class=\"elementor-price-list-text\">\n\t\t\t\t\t\t\t\t\t<div class=\"elementor-price-list-header\">\n\t\t\t\t\t\t\t\t\t\t\t<span class=\"elementor-price-list-title\">\n\t\t\t\t\t\t\tFertigstellung\t\t\t\t\t\t<\/span>\n\t\t\t\t\t\t\t\t\t\t\t\t\t\t\t\t\t\t\t\t\t\t\t\t<span class=\"elementor-price-list-price\">2015<\/span>\n\t\t\t\t\t\t\t\t\t\t<\/div>\n\t\t\t\t\t\t\t\t\t\t\t\t<\/div>\n\t\t\t\t<\/li>\t\t\t\t\t\t\t\t\t\t\t\t<li class=\"elementor-price-list-item\">\t\t\t\t\n\t\t\t\t<div class=\"elementor-price-list-text\">\n\t\t\t\t\t\t\t\t\t<div class=\"elementor-price-list-header\">\n\t\t\t\t\t\t\t\t\t\t\t<span class=\"elementor-price-list-title\">\n\t\t\t\t\t\t\tFl\u00e4che des Projekts\t\t\t\t\t\t<\/span>\n\t\t\t\t\t\t\t\t\t\t\t\t\t\t\t\t\t\t\t\t\t\t\t\t<span class=\"elementor-price-list-price\">20.388 m\u00b2 inkl. \u00dcberfahrten<\/span>\n\t\t\t\t\t\t\t\t\t\t<\/div>\n\t\t\t\t\t\t\t\t\t\t\t\t<\/div>\n\t\t\t\t<\/li>\t\t\t\t\t\t\t\t\t\t\t\t<li class=\"elementor-price-list-item\">\t\t\t\t\n\t\t\t\t<div class=\"elementor-price-list-text\">\n\t\t\t\t\t\t\t\t\t<div class=\"elementor-price-list-header\">\n\t\t\t\t\t\t\t\t\t\t\t<span class=\"elementor-price-list-title\">\n\t\t\t\t\t\t\tNutzungsklasse\t\t\t\t\t\t<\/span>\n\t\t\t\t\t\t\t\t\t\t\t\t\t\t\t\t\t\t\t\t\t\t\t\t<span class=\"elementor-price-list-price\">PKW<\/span>\n\t\t\t\t\t\t\t\t\t\t<\/div>\n\t\t\t\t\t\t\t\t\t\t\t\t<\/div>\n\t\t\t\t<\/li>\t\t\t\t\t\t\t\t\t\t\t\t<li class=\"elementor-price-list-item\">\t\t\t\t\n\t\t\t\t<div class=\"elementor-price-list-text\">\n\t\t\t\t\t\t\t\t\t<div class=\"elementor-price-list-header\">\n\t\t\t\t\t\t\t\t\t\t\t<span class=\"elementor-price-list-title\">\n\t\t\t\t\t\t\tSystem\t\t\t\t\t\t<\/span>\n\t\t\t\t\t\t\t\t\t\t\t\t\t\t\t\t\t\t\t\t\t\t\t\t<span class=\"elementor-price-list-price\">POBURSKI Standard<\/span>\n\t\t\t\t\t\t\t\t\t\t<\/div>\n\t\t\t\t\t\t\t\t\t\t\t\t<\/div>\n\t\t\t\t<\/li>\t\t\t\t\t\t\t\t\t\t\t\t<li><a class=\"elementor-price-list-item\" href=\"#\">\t\t\t\t\n\t\t\t\t<div class=\"elementor-price-list-text\">\n\t\t\t\t\t\t\t\t\t<div class=\"elementor-price-list-header\">\n\t\t\t\t\t\t\t\t\t\t\t<span class=\"elementor-price-list-title\">\n\t\t\t\t\t\t\tBauherr\t\t\t\t\t\t<\/span>\n\t\t\t\t\t\t\t\t\t\t\t\t\t\t\t\t\t\t\t\t\t\t\t\t<span class=\"elementor-price-list-price\">OFB + PROCOM<\/span>\n\t\t\t\t\t\t\t\t\t\t<\/div>\n\t\t\t\t\t\t\t\t\t\t\t\t<\/div>\n\t\t\t\t<\/a><\/li>\t\t\t\t\t\t\t\t\t\t\t\t<li><a class=\"elementor-price-list-item\" href=\"#\">\t\t\t\t\n\t\t\t\t<div class=\"elementor-price-list-text\">\n\t\t\t\t\t\t\t\t\t<div class=\"elementor-price-list-header\">\n\t\t\t\t\t\t\t\t\t\t\t<span class=\"elementor-price-list-title\">\n\t\t\t\t\t\t\tArchitekturb\u00fcro\t\t\t\t\t\t<\/span>\n\t\t\t\t\t\t\t\t\t\t\t\t\t\t\t\t\t\t\t\t\t\t\t\t<span class=\"elementor-price-list-price\">nps Tchoban Voss<\/span>\n\t\t\t\t\t\t\t\t\t\t<\/div>\n\t\t\t\t\t\t\t\t\t\t\t\t<\/div>\n\t\t\t\t<\/a><\/li>\t\t\t\t\t\n\t\t<\/ul>\n\n\t\t\t\t\t\t<\/div>\n\t\t\t\t<\/div>\n\t\t\t\t\t<\/div>\n\t\t<\/div>\n\t\t\t\t\t<\/div>\n\t\t<\/section>\n\t\t\t\t<\/div>\n\t\t","protected":false},"excerpt":{"rendered":"<p>Glacis Galerie Neu-Ulm Durchl\u00e4ssige Architektur Parkraum f\u00fcr die Neu-Ulmer-Innenstadt In der N\u00e4he des Neu-Ulmer Bahnhofs gelegen, besticht das innerst\u00e4dtische Einkaufszentrum durch seine anspruchsvolle Parkdachl\u00f6sung und bietet 1.100 Stellpl\u00e4tze f\u00fcr Besucher und Pendler. Drei Parkd\u00e4cher, zwei \u00dcberf\u00fchrungen Mitten in Neu-Ulm entstand ein modernes Einkaufszentrum mit architektonischer Besonderheit: Drei einzelne Parkd\u00e4cher \u2013 jeweils f\u00fcr Haus 1 (6.955\u202fm\u00b2), [&hellip;]<\/p>\n","protected":false},"author":4,"featured_media":7399,"parent":0,"template":"","meta":{"site-sidebar-layout":"no-sidebar","site-content-layout":"default","ast-site-content-layout":"default","site-content-style":"default","site-sidebar-style":"default","ast-global-header-display":"","ast-banner-title-visibility":"","ast-main-header-display":"","ast-hfb-above-header-display":"","ast-hfb-below-header-display":"","ast-hfb-mobile-header-display":"","site-post-title":"disabled","ast-breadcrumbs-content":"","ast-featured-img":"","footer-sml-layout":"","ast-disable-related-posts":"","theme-transparent-header-meta":"","adv-header-id-meta":"","stick-header-meta":"","header-above-stick-meta":"","header-main-stick-meta":"","header-below-stick-meta":"","astra-migrate-meta-layouts":"set","ast-page-background-enabled":"default","ast-page-background-meta":{"desktop":{"background-color":"var(--ast-global-color-4)","background-image":"","background-repeat":"repeat","background-position":"center center","background-size":"auto","background-attachment":"scroll","background-type":"","background-media":"","overlay-type":"","overlay-color":"","overlay-opacity":"","overlay-gradient":""},"tablet":{"background-color":"","background-image":"","background-repeat":"repeat","background-position":"center center","background-size":"auto","background-attachment":"scroll","background-type":"","background-media":"","overlay-type":"","overlay-color":"","overlay-opacity":"","overlay-gradient":""},"mobile":{"background-color":"","background-image":"","background-repeat":"repeat","background-position":"center center","background-size":"auto","background-attachment":"scroll","background-type":"","background-media":"","overlay-type":"","overlay-color":"","overlay-opacity":"","overlay-gradient":""}},"ast-content-background-meta":{"desktop":{"background-color":"var(--ast-global-color-5)","background-image":"","background-repeat":"repeat","background-position":"center center","background-size":"auto","background-attachment":"scroll","background-type":"","background-media":"","overlay-type":"","overlay-color":"","overlay-opacity":"","overlay-gradient":""},"tablet":{"background-color":"var(--ast-global-color-5)","background-image":"","background-repeat":"repeat","background-position":"center center","background-size":"auto","background-attachment":"scroll","background-type":"","background-media":"","overlay-type":"","overlay-color":"","overlay-opacity":"","overlay-gradient":""},"mobile":{"background-color":"var(--ast-global-color-5)","background-image":"","background-repeat":"repeat","background-position":"center center","background-size":"auto","background-attachment":"scroll","background-type":"","background-media":"","overlay-type":"","overlay-color":"","overlay-opacity":"","overlay-gradient":""}},"_vp_format_video_url":"","_vp_image_focal_point":{"x":0.59,"y":0.59},"footnotes":""},"referenz-art":[28],"referenz":[49,29],"class_list":["post-7394","referenzen-single","type-referenzen-single","status-publish","has-post-thumbnail","hentry","referenz-art-klein","referenz-neubau-parkdaecher-parkdecks","referenz-parkdaecher"],"yoast_head":"<!-- This site is optimized with the Yoast SEO Premium plugin v27.5 (Yoast SEO v27.5) - https:\/\/yoast.com\/product\/yoast-seo-premium-wordpress\/ -->\n<title>Glacis Galerie Neu-Ulm - Poburski Futura<\/title>\n<meta name=\"robots\" content=\"index, follow, max-snippet:-1, max-image-preview:large, max-video-preview:-1\" \/>\n<link rel=\"canonical\" href=\"https:\/\/www.poburski-futura.de\/en\/referenzen-single\/glacis-galerie-neu-ulm\/\" \/>\n<meta property=\"og:locale\" content=\"en_US\" \/>\n<meta property=\"og:type\" content=\"article\" \/>\n<meta property=\"og:title\" content=\"Glacis Galerie Neu-Ulm\" \/>\n<meta property=\"og:description\" content=\"Glacis Galerie Neu-Ulm Durchl\u00e4ssige Architektur Parkraum f\u00fcr die Neu-Ulmer-Innenstadt In der N\u00e4he des Neu-Ulmer Bahnhofs gelegen, besticht das innerst\u00e4dtische Einkaufszentrum durch seine anspruchsvolle Parkdachl\u00f6sung und bietet 1.100 Stellpl\u00e4tze f\u00fcr Besucher und Pendler. Drei Parkd\u00e4cher, zwei \u00dcberf\u00fchrungen Mitten in Neu-Ulm entstand ein modernes Einkaufszentrum mit architektonischer Besonderheit: Drei einzelne Parkd\u00e4cher \u2013 jeweils f\u00fcr Haus 1 (6.955\u202fm\u00b2), [&hellip;]\" \/>\n<meta property=\"og:url\" content=\"https:\/\/www.poburski-futura.de\/en\/referenzen-single\/glacis-galerie-neu-ulm\/\" \/>\n<meta property=\"og:site_name\" content=\"Poburski Futura\" \/>\n<meta property=\"article:modified_time\" content=\"2025-08-01T12:02:41+00:00\" \/>\n<meta property=\"og:image\" content=\"https:\/\/www.poburski-futura.de\/wp-content\/uploads\/2025\/08\/Poburski-Futura-Parkdach-Neubau-Glacis-Galerie-Neu-Ulm-1.jpg\" \/>\n\t<meta property=\"og:image:width\" content=\"1500\" \/>\n\t<meta property=\"og:image:height\" content=\"1000\" \/>\n\t<meta property=\"og:image:type\" content=\"image\/jpeg\" \/>\n<meta name=\"twitter:card\" content=\"summary_large_image\" \/>\n<meta name=\"twitter:label1\" content=\"Est. reading time\" \/>\n\t<meta name=\"twitter:data1\" content=\"2 minutes\" \/>\n<script type=\"application\/ld+json\" class=\"yoast-schema-graph\">{\"@context\":\"https:\\\/\\\/schema.org\",\"@graph\":[{\"@type\":\"WebPage\",\"@id\":\"https:\\\/\\\/www.poburski-futura.de\\\/en\\\/referenzen-single\\\/glacis-galerie-neu-ulm\\\/\",\"url\":\"https:\\\/\\\/www.poburski-futura.de\\\/en\\\/referenzen-single\\\/glacis-galerie-neu-ulm\\\/\",\"name\":\"Glacis Galerie Neu-Ulm - Poburski Futura\",\"isPartOf\":{\"@id\":\"https:\\\/\\\/www.poburski-futura.de\\\/en\\\/#website\"},\"primaryImageOfPage\":{\"@id\":\"https:\\\/\\\/www.poburski-futura.de\\\/en\\\/referenzen-single\\\/glacis-galerie-neu-ulm\\\/#primaryimage\"},\"image\":{\"@id\":\"https:\\\/\\\/www.poburski-futura.de\\\/en\\\/referenzen-single\\\/glacis-galerie-neu-ulm\\\/#primaryimage\"},\"thumbnailUrl\":\"https:\\\/\\\/www.poburski-futura.de\\\/wp-content\\\/uploads\\\/2025\\\/08\\\/Poburski-Futura-Parkdach-Neubau-Glacis-Galerie-Neu-Ulm-1.jpg\",\"datePublished\":\"2025-08-01T11:54:08+00:00\",\"dateModified\":\"2025-08-01T12:02:41+00:00\",\"breadcrumb\":{\"@id\":\"https:\\\/\\\/www.poburski-futura.de\\\/en\\\/referenzen-single\\\/glacis-galerie-neu-ulm\\\/#breadcrumb\"},\"inLanguage\":\"en-US\",\"potentialAction\":[{\"@type\":\"ReadAction\",\"target\":[\"https:\\\/\\\/www.poburski-futura.de\\\/en\\\/referenzen-single\\\/glacis-galerie-neu-ulm\\\/\"]}]},{\"@type\":\"ImageObject\",\"inLanguage\":\"en-US\",\"@id\":\"https:\\\/\\\/www.poburski-futura.de\\\/en\\\/referenzen-single\\\/glacis-galerie-neu-ulm\\\/#primaryimage\",\"url\":\"https:\\\/\\\/www.poburski-futura.de\\\/wp-content\\\/uploads\\\/2025\\\/08\\\/Poburski-Futura-Parkdach-Neubau-Glacis-Galerie-Neu-Ulm-1.jpg\",\"contentUrl\":\"https:\\\/\\\/www.poburski-futura.de\\\/wp-content\\\/uploads\\\/2025\\\/08\\\/Poburski-Futura-Parkdach-Neubau-Glacis-Galerie-Neu-Ulm-1.jpg\",\"width\":1500,\"height\":1000,\"caption\":\"In der N\u00e4he des Neu-Ulmer Bahnhofs gelegen, besticht das innerst\u00e4dtische Einkaufszentrum durch seine anspruchsvolle Parkdachl\u00f6sung und bietet 1.100 Stellpl\u00e4tze f\u00fcr Besucher und Pendler. Diese komplexe Geometrie stellte besondere Anforderungen an die Gef\u00e4lleplanung, Entw\u00e4sserung und die Ausf\u00fchrung des Plattenrasters der Betonfahrbahnplatten.\"},{\"@type\":\"BreadcrumbList\",\"@id\":\"https:\\\/\\\/www.poburski-futura.de\\\/en\\\/referenzen-single\\\/glacis-galerie-neu-ulm\\\/#breadcrumb\",\"itemListElement\":[{\"@type\":\"ListItem\",\"position\":1,\"name\":\"Startseite\",\"item\":\"https:\\\/\\\/www.poburski-futura.de\\\/en\\\/\"},{\"@type\":\"ListItem\",\"position\":2,\"name\":\"Referenzen\",\"item\":\"https:\\\/\\\/www.poburski-futura.de\\\/en\\\/referenzen-single\\\/\"},{\"@type\":\"ListItem\",\"position\":3,\"name\":\"Glacis Galerie Neu-Ulm\"}]},{\"@type\":\"WebSite\",\"@id\":\"https:\\\/\\\/www.poburski-futura.de\\\/en\\\/#website\",\"url\":\"https:\\\/\\\/www.poburski-futura.de\\\/en\\\/\",\"name\":\"Poburski Futura\",\"description\":\"Parkdecks - Parkd\u00e4cher - Parkdeck Beschichtungen\",\"publisher\":{\"@id\":\"https:\\\/\\\/www.poburski-futura.de\\\/en\\\/#organization\"},\"potentialAction\":[{\"@type\":\"SearchAction\",\"target\":{\"@type\":\"EntryPoint\",\"urlTemplate\":\"https:\\\/\\\/www.poburski-futura.de\\\/en\\\/?s={search_term_string}\"},\"query-input\":{\"@type\":\"PropertyValueSpecification\",\"valueRequired\":true,\"valueName\":\"search_term_string\"}}],\"inLanguage\":\"en-US\"},{\"@type\":[\"Organization\",\"Place\"],\"@id\":\"https:\\\/\\\/www.poburski-futura.de\\\/en\\\/#organization\",\"name\":\"POBURSKI FUTURA\",\"url\":\"https:\\\/\\\/www.poburski-futura.de\\\/en\\\/\",\"logo\":{\"@id\":\"https:\\\/\\\/www.poburski-futura.de\\\/en\\\/referenzen-single\\\/glacis-galerie-neu-ulm\\\/#local-main-organization-logo\"},\"image\":{\"@id\":\"https:\\\/\\\/www.poburski-futura.de\\\/en\\\/referenzen-single\\\/glacis-galerie-neu-ulm\\\/#local-main-organization-logo\"},\"sameAs\":[\"https:\\\/\\\/www.linkedin.com\\\/company\\\/poburski-futura-gmbh\"],\"telephone\":[],\"openingHoursSpecification\":[{\"@type\":\"OpeningHoursSpecification\",\"dayOfWeek\":[\"Monday\",\"Tuesday\",\"Wednesday\",\"Thursday\",\"Friday\",\"Saturday\",\"Sunday\"],\"opens\":\"09:00\",\"closes\":\"17:00\"}]},{\"@type\":\"ImageObject\",\"inLanguage\":\"en-US\",\"@id\":\"https:\\\/\\\/www.poburski-futura.de\\\/en\\\/referenzen-single\\\/glacis-galerie-neu-ulm\\\/#local-main-organization-logo\",\"url\":\"https:\\\/\\\/www.poburski-futura.de\\\/wp-content\\\/uploads\\\/2023\\\/07\\\/POB_Logo_zweizeilig_gruen_rgb.png\",\"contentUrl\":\"https:\\\/\\\/www.poburski-futura.de\\\/wp-content\\\/uploads\\\/2023\\\/07\\\/POB_Logo_zweizeilig_gruen_rgb.png\",\"width\":375,\"height\":188,\"caption\":\"POBURSKI FUTURA\"}]}<\/script>\n<!-- \/ Yoast SEO Premium plugin. -->","yoast_head_json":{"title":"Glacis Galerie Neu-Ulm - Poburski Futura","robots":{"index":"index","follow":"follow","max-snippet":"max-snippet:-1","max-image-preview":"max-image-preview:large","max-video-preview":"max-video-preview:-1"},"canonical":"https:\/\/www.poburski-futura.de\/en\/referenzen-single\/glacis-galerie-neu-ulm\/","og_locale":"en_US","og_type":"article","og_title":"Glacis Galerie Neu-Ulm","og_description":"Glacis Galerie Neu-Ulm Durchl\u00e4ssige Architektur Parkraum f\u00fcr die Neu-Ulmer-Innenstadt In der N\u00e4he des Neu-Ulmer Bahnhofs gelegen, besticht das innerst\u00e4dtische Einkaufszentrum durch seine anspruchsvolle Parkdachl\u00f6sung und bietet 1.100 Stellpl\u00e4tze f\u00fcr Besucher und Pendler. Drei Parkd\u00e4cher, zwei \u00dcberf\u00fchrungen Mitten in Neu-Ulm entstand ein modernes Einkaufszentrum mit architektonischer Besonderheit: Drei einzelne Parkd\u00e4cher \u2013 jeweils f\u00fcr Haus 1 (6.955\u202fm\u00b2), [&hellip;]","og_url":"https:\/\/www.poburski-futura.de\/en\/referenzen-single\/glacis-galerie-neu-ulm\/","og_site_name":"Poburski Futura","article_modified_time":"2025-08-01T12:02:41+00:00","og_image":[{"width":1500,"height":1000,"url":"https:\/\/www.poburski-futura.de\/wp-content\/uploads\/2025\/08\/Poburski-Futura-Parkdach-Neubau-Glacis-Galerie-Neu-Ulm-1.jpg","type":"image\/jpeg"}],"twitter_card":"summary_large_image","twitter_misc":{"Est. reading time":"2 minutes"},"schema":{"@context":"https:\/\/schema.org","@graph":[{"@type":"WebPage","@id":"https:\/\/www.poburski-futura.de\/en\/referenzen-single\/glacis-galerie-neu-ulm\/","url":"https:\/\/www.poburski-futura.de\/en\/referenzen-single\/glacis-galerie-neu-ulm\/","name":"Glacis Galerie Neu-Ulm - Poburski Futura","isPartOf":{"@id":"https:\/\/www.poburski-futura.de\/en\/#website"},"primaryImageOfPage":{"@id":"https:\/\/www.poburski-futura.de\/en\/referenzen-single\/glacis-galerie-neu-ulm\/#primaryimage"},"image":{"@id":"https:\/\/www.poburski-futura.de\/en\/referenzen-single\/glacis-galerie-neu-ulm\/#primaryimage"},"thumbnailUrl":"https:\/\/www.poburski-futura.de\/wp-content\/uploads\/2025\/08\/Poburski-Futura-Parkdach-Neubau-Glacis-Galerie-Neu-Ulm-1.jpg","datePublished":"2025-08-01T11:54:08+00:00","dateModified":"2025-08-01T12:02:41+00:00","breadcrumb":{"@id":"https:\/\/www.poburski-futura.de\/en\/referenzen-single\/glacis-galerie-neu-ulm\/#breadcrumb"},"inLanguage":"en-US","potentialAction":[{"@type":"ReadAction","target":["https:\/\/www.poburski-futura.de\/en\/referenzen-single\/glacis-galerie-neu-ulm\/"]}]},{"@type":"ImageObject","inLanguage":"en-US","@id":"https:\/\/www.poburski-futura.de\/en\/referenzen-single\/glacis-galerie-neu-ulm\/#primaryimage","url":"https:\/\/www.poburski-futura.de\/wp-content\/uploads\/2025\/08\/Poburski-Futura-Parkdach-Neubau-Glacis-Galerie-Neu-Ulm-1.jpg","contentUrl":"https:\/\/www.poburski-futura.de\/wp-content\/uploads\/2025\/08\/Poburski-Futura-Parkdach-Neubau-Glacis-Galerie-Neu-Ulm-1.jpg","width":1500,"height":1000,"caption":"In der N\u00e4he des Neu-Ulmer Bahnhofs gelegen, besticht das innerst\u00e4dtische Einkaufszentrum durch seine anspruchsvolle Parkdachl\u00f6sung und bietet 1.100 Stellpl\u00e4tze f\u00fcr Besucher und Pendler. Diese komplexe Geometrie stellte besondere Anforderungen an die Gef\u00e4lleplanung, Entw\u00e4sserung und die Ausf\u00fchrung des Plattenrasters der Betonfahrbahnplatten."},{"@type":"BreadcrumbList","@id":"https:\/\/www.poburski-futura.de\/en\/referenzen-single\/glacis-galerie-neu-ulm\/#breadcrumb","itemListElement":[{"@type":"ListItem","position":1,"name":"Startseite","item":"https:\/\/www.poburski-futura.de\/en\/"},{"@type":"ListItem","position":2,"name":"Referenzen","item":"https:\/\/www.poburski-futura.de\/en\/referenzen-single\/"},{"@type":"ListItem","position":3,"name":"Glacis Galerie Neu-Ulm"}]},{"@type":"WebSite","@id":"https:\/\/www.poburski-futura.de\/en\/#website","url":"https:\/\/www.poburski-futura.de\/en\/","name":"Poburski Futura","description":"Parkdecks - Parkd\u00e4cher - Parkdeck Beschichtungen","publisher":{"@id":"https:\/\/www.poburski-futura.de\/en\/#organization"},"potentialAction":[{"@type":"SearchAction","target":{"@type":"EntryPoint","urlTemplate":"https:\/\/www.poburski-futura.de\/en\/?s={search_term_string}"},"query-input":{"@type":"PropertyValueSpecification","valueRequired":true,"valueName":"search_term_string"}}],"inLanguage":"en-US"},{"@type":["Organization","Place"],"@id":"https:\/\/www.poburski-futura.de\/en\/#organization","name":"POBURSKI FUTURA","url":"https:\/\/www.poburski-futura.de\/en\/","logo":{"@id":"https:\/\/www.poburski-futura.de\/en\/referenzen-single\/glacis-galerie-neu-ulm\/#local-main-organization-logo"},"image":{"@id":"https:\/\/www.poburski-futura.de\/en\/referenzen-single\/glacis-galerie-neu-ulm\/#local-main-organization-logo"},"sameAs":["https:\/\/www.linkedin.com\/company\/poburski-futura-gmbh"],"telephone":[],"openingHoursSpecification":[{"@type":"OpeningHoursSpecification","dayOfWeek":["Monday","Tuesday","Wednesday","Thursday","Friday","Saturday","Sunday"],"opens":"09:00","closes":"17:00"}]},{"@type":"ImageObject","inLanguage":"en-US","@id":"https:\/\/www.poburski-futura.de\/en\/referenzen-single\/glacis-galerie-neu-ulm\/#local-main-organization-logo","url":"https:\/\/www.poburski-futura.de\/wp-content\/uploads\/2023\/07\/POB_Logo_zweizeilig_gruen_rgb.png","contentUrl":"https:\/\/www.poburski-futura.de\/wp-content\/uploads\/2023\/07\/POB_Logo_zweizeilig_gruen_rgb.png","width":375,"height":188,"caption":"POBURSKI FUTURA"}]}},"_links":{"self":[{"href":"https:\/\/www.poburski-futura.de\/en\/wp-json\/wp\/v2\/referenzen-single\/7394","targetHints":{"allow":["GET"]}}],"collection":[{"href":"https:\/\/www.poburski-futura.de\/en\/wp-json\/wp\/v2\/referenzen-single"}],"about":[{"href":"https:\/\/www.poburski-futura.de\/en\/wp-json\/wp\/v2\/types\/referenzen-single"}],"author":[{"embeddable":true,"href":"https:\/\/www.poburski-futura.de\/en\/wp-json\/wp\/v2\/users\/4"}],"version-history":[{"count":10,"href":"https:\/\/www.poburski-futura.de\/en\/wp-json\/wp\/v2\/referenzen-single\/7394\/revisions"}],"predecessor-version":[{"id":7412,"href":"https:\/\/www.poburski-futura.de\/en\/wp-json\/wp\/v2\/referenzen-single\/7394\/revisions\/7412"}],"wp:featuredmedia":[{"embeddable":true,"href":"https:\/\/www.poburski-futura.de\/en\/wp-json\/wp\/v2\/media\/7399"}],"wp:attachment":[{"href":"https:\/\/www.poburski-futura.de\/en\/wp-json\/wp\/v2\/media?parent=7394"}],"wp:term":[{"taxonomy":"referenz-art","embeddable":true,"href":"https:\/\/www.poburski-futura.de\/en\/wp-json\/wp\/v2\/referenz-art?post=7394"},{"taxonomy":"referenz","embeddable":true,"href":"https:\/\/www.poburski-futura.de\/en\/wp-json\/wp\/v2\/referenz?post=7394"}],"curies":[{"name":"wp","href":"https:\/\/api.w.org\/{rel}","templated":true}]}}