{"id":7417,"date":"2025-09-22T11:46:38","date_gmt":"2025-09-22T11:46:38","guid":{"rendered":"https:\/\/www.poburski-futura.de\/?post_type=referenzen-single&#038;p=7417"},"modified":"2025-09-22T11:53:42","modified_gmt":"2025-09-22T11:53:42","slug":"bahrenfelder-carree-flachdach-gruendach","status":"publish","type":"referenzen-single","link":"https:\/\/www.poburski-futura.de\/en\/referenzen-single\/bahrenfelder-carree-flachdach-gruendach\/","title":{"rendered":"Bahrenfelder Carr\u00e9"},"content":{"rendered":"\t\t<div data-elementor-type=\"wp-post\" data-elementor-id=\"7417\" class=\"elementor elementor-7417\" data-elementor-post-type=\"referenzen-single\">\n\t\t\t\t\t\t<section class=\"elementor-section elementor-top-section elementor-element elementor-element-3f0b22a elementor-section-boxed elementor-section-height-default elementor-section-height-default\" data-id=\"3f0b22a\" data-element_type=\"section\" data-e-type=\"section\">\n\t\t\t\t\t\t<div class=\"elementor-container elementor-column-gap-default\">\n\t\t\t\t\t<div class=\"elementor-column elementor-col-50 elementor-top-column elementor-element elementor-element-9363c57\" data-id=\"9363c57\" data-element_type=\"column\" data-e-type=\"column\">\n\t\t\t<div class=\"elementor-widget-wrap elementor-element-populated\">\n\t\t\t\t\t\t<div class=\"elementor-element elementor-element-dcbd1a5 elementor-widget elementor-widget-heading\" data-id=\"dcbd1a5\" data-element_type=\"widget\" data-e-type=\"widget\" data-widget_type=\"heading.default\">\n\t\t\t\t<div class=\"elementor-widget-container\">\n\t\t\t\t\t<h6 class=\"elementor-heading-title elementor-size-default\">BAHRENFELDER CARR\u00c9<\/h6>\t\t\t\t<\/div>\n\t\t\t\t<\/div>\n\t\t\t\t<div class=\"elementor-element elementor-element-8ce61f1 elementor-widget__width-initial elementor-widget elementor-widget-heading\" data-id=\"8ce61f1\" data-element_type=\"widget\" data-e-type=\"widget\" data-widget_type=\"heading.default\">\n\t\t\t\t<div class=\"elementor-widget-container\">\n\t\t\t\t\t<h2 class=\"elementor-heading-title elementor-size-default\">Begr\u00fcntes Wohnensemble <\/h2>\t\t\t\t<\/div>\n\t\t\t\t<\/div>\n\t\t\t\t<div class=\"elementor-element elementor-element-59fef69 elementor-widget__width-initial elementor-widget elementor-widget-heading\" data-id=\"59fef69\" data-element_type=\"widget\" data-e-type=\"widget\" data-widget_type=\"heading.default\">\n\t\t\t\t<div class=\"elementor-widget-container\">\n\t\t\t\t\t<h2 class=\"elementor-heading-title elementor-size-default\">im Herzen von Hamburg<\/h2>\t\t\t\t<\/div>\n\t\t\t\t<\/div>\n\t\t\t\t<div class=\"elementor-element elementor-element-b24043f elementor-widget__width-initial elementor-widget elementor-widget-text-editor\" data-id=\"b24043f\" data-element_type=\"widget\" data-e-type=\"widget\" data-widget_type=\"text-editor.default\">\n\t\t\t\t<div class=\"elementor-widget-container\">\n\t\t\t\t\t\t\t\t\t<p>Im Herzen von Hamburg-Altona entstand das Bahrenfelder Carr\u00e9, ein attraktives Wohnensemble mit Einzelhandelsfl\u00e4chen und einem ruhigen, begr\u00fcnten Innenhof. Das Projekt bietet dringend ben\u00f6tigten, bezahlbaren Wohnraum und setzt dabei auf Nachhaltigkeit. Auch bei der Flachdachabdichtung wird es \u201egr\u00fcn\u201c.<\/p>\t\t\t\t\t\t\t\t<\/div>\n\t\t\t\t<\/div>\n\t\t\t\t\t<\/div>\n\t\t<\/div>\n\t\t\t\t<div class=\"elementor-column elementor-col-50 elementor-top-column elementor-element elementor-element-d5922e6\" data-id=\"d5922e6\" data-element_type=\"column\" data-e-type=\"column\">\n\t\t\t<div class=\"elementor-widget-wrap elementor-element-populated\">\n\t\t\t\t\t\t<div class=\"elementor-element elementor-element-369366f elementor-widget elementor-widget-heading\" data-id=\"369366f\" data-element_type=\"widget\" data-e-type=\"widget\" data-widget_type=\"heading.default\">\n\t\t\t\t<div class=\"elementor-widget-container\">\n\t\t\t\t\t<h3 class=\"elementor-heading-title elementor-size-default\">Fakten<\/h3>\t\t\t\t<\/div>\n\t\t\t\t<\/div>\n\t\t\t\t<div class=\"elementor-element elementor-element-2e274c0 ref_li_table elementor-widget elementor-widget-price-list\" data-id=\"2e274c0\" data-element_type=\"widget\" data-e-type=\"widget\" data-widget_type=\"price-list.default\">\n\t\t\t\t<div class=\"elementor-widget-container\">\n\t\t\t\t\t\n\t\t<ul class=\"elementor-price-list\">\n\n\t\t\t\t\t\t\t\t\t<li class=\"elementor-price-list-item\">\t\t\t\t\n\t\t\t\t<div class=\"elementor-price-list-text\">\n\t\t\t\t\t\t\t\t\t<div class=\"elementor-price-list-header\">\n\t\t\t\t\t\t\t\t\t\t\t<span class=\"elementor-price-list-title\">\n\t\t\t\t\t\t\tArt\t\t\t\t\t\t<\/span>\n\t\t\t\t\t\t\t\t\t\t\t\t\t\t\t\t\t\t\t\t\t\t\t\t<span class=\"elementor-price-list-price\">Sanierung, Gr\u00fcndach, Flachdach<\/span>\n\t\t\t\t\t\t\t\t\t\t<\/div>\n\t\t\t\t\t\t\t\t\t\t\t\t<\/div>\n\t\t\t\t<\/li>\t\t\t\t\t\t\t\t\t\t\t\t<li class=\"elementor-price-list-item\">\t\t\t\t\n\t\t\t\t<div class=\"elementor-price-list-text\">\n\t\t\t\t\t\t\t\t\t<div class=\"elementor-price-list-header\">\n\t\t\t\t\t\t\t\t\t\t\t<span class=\"elementor-price-list-title\">\n\t\t\t\t\t\t\tStandort\t\t\t\t\t\t<\/span>\n\t\t\t\t\t\t\t\t\t\t\t\t\t\t\t\t\t\t\t\t\t\t\t\t<span class=\"elementor-price-list-price\">Hamburg<\/span>\n\t\t\t\t\t\t\t\t\t\t<\/div>\n\t\t\t\t\t\t\t\t\t\t\t\t<\/div>\n\t\t\t\t<\/li>\t\t\t\t\t\t\t\t\t\t\t\t<li class=\"elementor-price-list-item\">\t\t\t\t\n\t\t\t\t<div class=\"elementor-price-list-text\">\n\t\t\t\t\t\t\t\t\t<div class=\"elementor-price-list-header\">\n\t\t\t\t\t\t\t\t\t\t\t<span class=\"elementor-price-list-title\">\n\t\t\t\t\t\t\tFertigstellung\t\t\t\t\t\t<\/span>\n\t\t\t\t\t\t\t\t\t\t\t\t\t\t\t\t\t\t\t\t\t\t\t\t<span class=\"elementor-price-list-price\">2025<\/span>\n\t\t\t\t\t\t\t\t\t\t<\/div>\n\t\t\t\t\t\t\t\t\t\t\t\t<\/div>\n\t\t\t\t<\/li>\t\t\t\t\t\t\t\t\t\t\t\t<li class=\"elementor-price-list-item\">\t\t\t\t\n\t\t\t\t<div class=\"elementor-price-list-text\">\n\t\t\t\t\t\t\t\t\t<div class=\"elementor-price-list-header\">\n\t\t\t\t\t\t\t\t\t\t\t<span class=\"elementor-price-list-title\">\n\t\t\t\t\t\t\tFl\u00e4che des Projekts\t\t\t\t\t\t<\/span>\n\t\t\t\t\t\t\t\t\t\t\t\t\t\t\t\t\t\t\t\t\t\t\t\t<span class=\"elementor-price-list-price\">5.000 m\u00b2<\/span>\n\t\t\t\t\t\t\t\t\t\t<\/div>\n\t\t\t\t\t\t\t\t\t\t\t\t<\/div>\n\t\t\t\t<\/li>\t\t\t\t\t\t\t\t\t\t\t\t<li class=\"elementor-price-list-item\">\t\t\t\t\n\t\t\t\t<div class=\"elementor-price-list-text\">\n\t\t\t\t\t\t\t\t\t<div class=\"elementor-price-list-header\">\n\t\t\t\t\t\t\t\t\t\t\t<span class=\"elementor-price-list-title\">\n\t\t\t\t\t\t\tNutzungsklasse\t\t\t\t\t\t<\/span>\n\t\t\t\t\t\t\t\t\t\t\t\t\t\t\t\t\t\t\t\t\t\t\t\t<span class=\"elementor-price-list-price\">begehbar<\/span>\n\t\t\t\t\t\t\t\t\t\t<\/div>\n\t\t\t\t\t\t\t\t\t\t\t\t<\/div>\n\t\t\t\t<\/li>\t\t\t\t\t\t\t\t\t\t\t\t<li class=\"elementor-price-list-item\">\t\t\t\t\n\t\t\t\t<div class=\"elementor-price-list-text\">\n\t\t\t\t\t\t\t\t\t<div class=\"elementor-price-list-header\">\n\t\t\t\t\t\t\t\t\t\t\t<span class=\"elementor-price-list-title\">\n\t\t\t\t\t\t\tEingesetztes System\t\t\t\t\t\t<\/span>\n\t\t\t\t\t\t\t\t\t\t\t\t\t\t\t\t\t\t\t\t\t\t\t\t<span class=\"elementor-price-list-price\">POBURSKI Futura Flachdach- und Innenhofabdichtung<\/span>\n\t\t\t\t\t\t\t\t\t\t<\/div>\n\t\t\t\t\t\t\t\t\t\t\t\t<\/div>\n\t\t\t\t<\/li>\t\t\t\t\t\t\t\t\t\t\t\t<li><a class=\"elementor-price-list-item\" href=\"#\">\t\t\t\t\n\t\t\t\t<div class=\"elementor-price-list-text\">\n\t\t\t\t\t\t\t\t\t<div class=\"elementor-price-list-header\">\n\t\t\t\t\t\t\t\t\t\t\t<span class=\"elementor-price-list-title\">\n\t\t\t\t\t\t\tBauherr\t\t\t\t\t\t<\/span>\n\t\t\t\t\t\t\t\t\t\t\t\t\t\t\t\t\t\t\t\t\t\t\t\t<span class=\"elementor-price-list-price\">Catella Residential Investment GmbH<\/span>\n\t\t\t\t\t\t\t\t\t\t<\/div>\n\t\t\t\t\t\t\t\t\t\t\t\t<\/div>\n\t\t\t\t<\/a><\/li>\t\t\t\t\t\n\t\t<\/ul>\n\n\t\t\t\t\t\t<\/div>\n\t\t\t\t<\/div>\n\t\t\t\t\t<\/div>\n\t\t<\/div>\n\t\t\t\t\t<\/div>\n\t\t<\/section>\n\t\t\t\t<section class=\"elementor-section elementor-top-section elementor-element elementor-element-df4291d width_1200 elementor-section-boxed elementor-section-height-default elementor-section-height-default\" data-id=\"df4291d\" data-element_type=\"section\" data-e-type=\"section\">\n\t\t\t\t\t\t<div class=\"elementor-container elementor-column-gap-default\">\n\t\t\t\t\t<div class=\"elementor-column elementor-col-33 elementor-top-column elementor-element elementor-element-47fe5394\" data-id=\"47fe5394\" data-element_type=\"column\" data-e-type=\"column\">\n\t\t\t<div class=\"elementor-widget-wrap elementor-element-populated\">\n\t\t\t\t\t\t<div class=\"elementor-element elementor-element-78e05e11 elementor-widget elementor-widget-image\" data-id=\"78e05e11\" data-element_type=\"widget\" data-e-type=\"widget\" data-widget_type=\"image.default\">\n\t\t\t\t<div class=\"elementor-widget-container\">\n\t\t\t\t\t\t\t\t\t\t\t\t\t\t\t<img fetchpriority=\"high\" decoding=\"async\" width=\"750\" height=\"500\" src=\"https:\/\/www.poburski-futura.de\/wp-content\/uploads\/2025\/08\/Poburski-Futura-Flachdach-Gruendach-Sanierung-Bahrenfelder-Carree_01-750x500.jpg\" class=\"attachment-medium size-medium wp-image-7424\" alt=\"Nachhaltiges Wohnen in Hamburg-Altona: Das Bahrenfelder Carr\u00e9e verbindet moderne Architektur mit begr\u00fcnten Retentionsd\u00e4chern und energieeffizienter Bauweise.\" srcset=\"https:\/\/www.poburski-futura.de\/wp-content\/uploads\/2025\/08\/Poburski-Futura-Flachdach-Gruendach-Sanierung-Bahrenfelder-Carree_01-750x500.jpg 750w, https:\/\/www.poburski-futura.de\/wp-content\/uploads\/2025\/08\/Poburski-Futura-Flachdach-Gruendach-Sanierung-Bahrenfelder-Carree_01-1536x1024.jpg 1536w, https:\/\/www.poburski-futura.de\/wp-content\/uploads\/2025\/08\/Poburski-Futura-Flachdach-Gruendach-Sanierung-Bahrenfelder-Carree_01-768x512.jpg 768w, https:\/\/www.poburski-futura.de\/wp-content\/uploads\/2025\/08\/Poburski-Futura-Flachdach-Gruendach-Sanierung-Bahrenfelder-Carree_01-500x333.jpg 500w, https:\/\/www.poburski-futura.de\/wp-content\/uploads\/2025\/08\/Poburski-Futura-Flachdach-Gruendach-Sanierung-Bahrenfelder-Carree_01-800x533.jpg 800w, https:\/\/www.poburski-futura.de\/wp-content\/uploads\/2025\/08\/Poburski-Futura-Flachdach-Gruendach-Sanierung-Bahrenfelder-Carree_01-1280x853.jpg 1280w, https:\/\/www.poburski-futura.de\/wp-content\/uploads\/2025\/08\/Poburski-Futura-Flachdach-Gruendach-Sanierung-Bahrenfelder-Carree_01.jpg 1680w\" sizes=\"(max-width: 750px) 100vw, 750px\" \/>\t\t\t\t\t\t\t\t\t\t\t\t\t\t\t<\/div>\n\t\t\t\t<\/div>\n\t\t\t\t\t<\/div>\n\t\t<\/div>\n\t\t\t\t<div class=\"elementor-column elementor-col-66 elementor-top-column elementor-element elementor-element-d15ef20\" data-id=\"d15ef20\" data-element_type=\"column\" data-e-type=\"column\">\n\t\t\t<div class=\"elementor-widget-wrap elementor-element-populated\">\n\t\t\t\t\t\t<div class=\"elementor-element elementor-element-541cc103 elementor-widget__width-initial elementor-widget elementor-widget-heading\" data-id=\"541cc103\" data-element_type=\"widget\" data-e-type=\"widget\" data-widget_type=\"heading.default\">\n\t\t\t\t<div class=\"elementor-widget-container\">\n\t\t\t\t\t<h2 class=\"elementor-heading-title elementor-size-default\">Nachhaltiges Bauen f\u00fcr Mensch und Umwelt<\/h2>\t\t\t\t<\/div>\n\t\t\t\t<\/div>\n\t\t\t\t<div class=\"elementor-element elementor-element-78095211 elementor-widget__width-initial elementor-widget elementor-widget-text-editor\" data-id=\"78095211\" data-element_type=\"widget\" data-e-type=\"widget\" data-widget_type=\"text-editor.default\">\n\t\t\t\t<div class=\"elementor-widget-container\">\n\t\t\t\t\t\t\t\t\t<p>Poburski Futura erhielt den Auftrag f\u00fcr die Flachdachabdichtung und die Erstellung eines Retentionsdaches sowie f\u00fcr die Innenhofabdichtung des Bahrenfelder Carr\u00e9s. Aufgeteilt auf Hauptdach, Innenhof und Terrassen wird insgesamt eine Fl\u00e4che von ca. 5000m\u00b2 abgedichtet. Die Arbeiten begannen im Juni 2024.<\/p><p>Das Quartier entspricht dem KfW-55-Standard. Eine geeignete W\u00e4rmed\u00e4mmung spielt f\u00fcr einen niedrigen Energieverbrauch eine wichtige Rolle. Deshalb nutzen wir die ausgezeichneten thermischen und schalld\u00e4mmenden Eigenschaften von EPS und Mineralwolle. Zwei Lagen Bitumenbahnen sorgen f\u00fcr ein dauerhaft dichtes Dach.<\/p>\t\t\t\t\t\t\t\t<\/div>\n\t\t\t\t<\/div>\n\t\t\t\t\t<\/div>\n\t\t<\/div>\n\t\t\t\t\t<\/div>\n\t\t<\/section>\n\t\t\t\t<section class=\"elementor-section elementor-top-section elementor-element elementor-element-9d06685 elementor-section-boxed elementor-section-height-default elementor-section-height-default\" data-id=\"9d06685\" data-element_type=\"section\" data-e-type=\"section\">\n\t\t\t\t\t\t<div class=\"elementor-container elementor-column-gap-default\">\n\t\t\t\t\t<div class=\"elementor-column elementor-col-100 elementor-top-column elementor-element elementor-element-9bdef84\" data-id=\"9bdef84\" data-element_type=\"column\" data-e-type=\"column\">\n\t\t\t<div class=\"elementor-widget-wrap elementor-element-populated\">\n\t\t\t\t\t\t<div class=\"elementor-element elementor-element-7c1c6b9 elementor-widget elementor-widget-gallery\" data-id=\"7c1c6b9\" data-element_type=\"widget\" data-e-type=\"widget\" data-settings=\"{&quot;columns&quot;:3,&quot;lazyload&quot;:&quot;yes&quot;,&quot;gallery_layout&quot;:&quot;grid&quot;,&quot;columns_tablet&quot;:2,&quot;columns_mobile&quot;:1,&quot;gap&quot;:{&quot;unit&quot;:&quot;px&quot;,&quot;size&quot;:10,&quot;sizes&quot;:[]},&quot;gap_tablet&quot;:{&quot;unit&quot;:&quot;px&quot;,&quot;size&quot;:10,&quot;sizes&quot;:[]},&quot;gap_mobile&quot;:{&quot;unit&quot;:&quot;px&quot;,&quot;size&quot;:10,&quot;sizes&quot;:[]},&quot;link_to&quot;:&quot;file&quot;,&quot;aspect_ratio&quot;:&quot;3:2&quot;,&quot;overlay_background&quot;:&quot;yes&quot;,&quot;content_hover_animation&quot;:&quot;fade-in&quot;}\" data-widget_type=\"gallery.default\">\n\t\t\t\t<div class=\"elementor-widget-container\">\n\t\t\t\t\t\t\t<div class=\"elementor-gallery__container\">\n\t\t\t\t\t\t\t<a class=\"e-gallery-item elementor-gallery-item elementor-animated-content\" href=\"https:\/\/www.poburski-futura.de\/wp-content\/uploads\/2025\/09\/Poburski-Futura-Flachdach-Bahrenfelder-Carree_Erfahrung_07.jpg\" data-elementor-open-lightbox=\"yes\" data-elementor-lightbox-slideshow=\"7c1c6b9\" data-elementor-lightbox-title=\"Poburski-Futura-Flachdach-Bahrenfelder-Carree_Erfahrung_07\" data-elementor-lightbox-description=\"Nachhaltiges Wohnen in Hamburg-Altona: Das Bahrenfelder Carr\u00e9e verbindet moderne Architektur mit begr\u00fcnten Retentionsd\u00e4chern und energieeffizienter Bauweise.\" data-e-action-hash=\"#elementor-action%3Aaction%3Dlightbox%26settings%3DeyJpZCI6NzQ5MSwidXJsIjoiaHR0cHM6XC9cL3d3dy5wb2J1cnNraS1mdXR1cmEuZGVcL3dwLWNvbnRlbnRcL3VwbG9hZHNcLzIwMjVcLzA5XC9Qb2J1cnNraS1GdXR1cmEtRmxhY2hkYWNoLUJhaHJlbmZlbGRlci1DYXJyZWVfRXJmYWhydW5nXzA3LmpwZyIsInNsaWRlc2hvdyI6IjdjMWM2YjkifQ%3D%3D\">\n\t\t\t\t\t<div class=\"e-gallery-image elementor-gallery-item__image\" data-thumbnail=\"https:\/\/www.poburski-futura.de\/wp-content\/uploads\/2025\/09\/Poburski-Futura-Flachdach-Bahrenfelder-Carree_Erfahrung_07-750x500.jpg\" data-width=\"750\" data-height=\"500\" aria-label=\"\" role=\"img\" ><\/div>\n\t\t\t\t\t\t\t\t\t\t\t<div class=\"elementor-gallery-item__overlay\"><\/div>\n\t\t\t\t\t\t\t\t\t\t\t\t\t\t<\/a>\n\t\t\t\t\t\t\t<a class=\"e-gallery-item elementor-gallery-item elementor-animated-content\" href=\"https:\/\/www.poburski-futura.de\/wp-content\/uploads\/2025\/08\/Poburski-Futura-Flachdach-Bahrenfelder-Carree_Erfahrung_05.jpg\" data-elementor-open-lightbox=\"yes\" data-elementor-lightbox-slideshow=\"7c1c6b9\" data-elementor-lightbox-title=\"Poburski-Futura-Flachdach-Bahrenfelder-Carree_Erfahrung_05\" data-elementor-lightbox-description=\"Nachhaltiges Wohnen in Hamburg-Altona: Das Bahrenfelder Carr\u00e9e verbindet moderne Architektur mit begr\u00fcnten Retentionsd\u00e4chern und energieeffizienter Bauweise.\" data-e-action-hash=\"#elementor-action%3Aaction%3Dlightbox%26settings%3DeyJpZCI6NzQzMywidXJsIjoiaHR0cHM6XC9cL3d3dy5wb2J1cnNraS1mdXR1cmEuZGVcL3dwLWNvbnRlbnRcL3VwbG9hZHNcLzIwMjVcLzA4XC9Qb2J1cnNraS1GdXR1cmEtRmxhY2hkYWNoLUJhaHJlbmZlbGRlci1DYXJyZWVfRXJmYWhydW5nXzA1LmpwZyIsInNsaWRlc2hvdyI6IjdjMWM2YjkifQ%3D%3D\">\n\t\t\t\t\t<div class=\"e-gallery-image elementor-gallery-item__image\" data-thumbnail=\"https:\/\/www.poburski-futura.de\/wp-content\/uploads\/2025\/08\/Poburski-Futura-Flachdach-Bahrenfelder-Carree_Erfahrung_05-750x500.jpg\" data-width=\"750\" data-height=\"500\" aria-label=\"\" role=\"img\" ><\/div>\n\t\t\t\t\t\t\t\t\t\t\t<div class=\"elementor-gallery-item__overlay\"><\/div>\n\t\t\t\t\t\t\t\t\t\t\t\t\t\t<\/a>\n\t\t\t\t\t\t\t<a class=\"e-gallery-item elementor-gallery-item elementor-animated-content\" href=\"https:\/\/www.poburski-futura.de\/wp-content\/uploads\/2025\/08\/Poburski-Futura-Flachdach-Bahrenfelder-Carree_Entwaesserung_02.jpg\" data-elementor-open-lightbox=\"yes\" data-elementor-lightbox-slideshow=\"7c1c6b9\" data-elementor-lightbox-title=\"Poburski-Futura-Flachdach-Bahrenfelder-Carree_Entwa\u0308sserung_02\" data-elementor-lightbox-description=\"Nachhaltiges Wohnen in Hamburg-Altona: Das Bahrenfelder Carr\u00e9e verbindet moderne Architektur mit begr\u00fcnten Retentionsd\u00e4chern und energieeffizienter Bauweise.\" data-e-action-hash=\"#elementor-action%3Aaction%3Dlightbox%26settings%3DeyJpZCI6NzQzMSwidXJsIjoiaHR0cHM6XC9cL3d3dy5wb2J1cnNraS1mdXR1cmEuZGVcL3dwLWNvbnRlbnRcL3VwbG9hZHNcLzIwMjVcLzA4XC9Qb2J1cnNraS1GdXR1cmEtRmxhY2hkYWNoLUJhaHJlbmZlbGRlci1DYXJyZWVfRW50d2Flc3NlcnVuZ18wMi5qcGciLCJzbGlkZXNob3ciOiI3YzFjNmI5In0%3D\">\n\t\t\t\t\t<div class=\"e-gallery-image elementor-gallery-item__image\" data-thumbnail=\"https:\/\/www.poburski-futura.de\/wp-content\/uploads\/2025\/08\/Poburski-Futura-Flachdach-Bahrenfelder-Carree_Entwaesserung_02-750x500.jpg\" data-width=\"750\" data-height=\"500\" aria-label=\"\" role=\"img\" ><\/div>\n\t\t\t\t\t\t\t\t\t\t\t<div class=\"elementor-gallery-item__overlay\"><\/div>\n\t\t\t\t\t\t\t\t\t\t\t\t\t\t<\/a>\n\t\t\t\t\t\t\t<a class=\"e-gallery-item elementor-gallery-item elementor-animated-content\" href=\"https:\/\/www.poburski-futura.de\/wp-content\/uploads\/2025\/08\/Poburski-Futura-Flachdach-Bahrenfelder-Carree_Abdichtung_04.jpg\" data-elementor-open-lightbox=\"yes\" data-elementor-lightbox-slideshow=\"7c1c6b9\" data-elementor-lightbox-title=\"Poburski-Futura-Flachdach-Bahrenfelder-Carree_Abdichtung_04\" data-elementor-lightbox-description=\"Nachhaltiges Wohnen in Hamburg-Altona: Das Bahrenfelder Carr\u00e9e verbindet moderne Architektur mit begr\u00fcnten Retentionsd\u00e4chern und energieeffizienter Bauweise.\" data-e-action-hash=\"#elementor-action%3Aaction%3Dlightbox%26settings%3DeyJpZCI6NzQyOSwidXJsIjoiaHR0cHM6XC9cL3d3dy5wb2J1cnNraS1mdXR1cmEuZGVcL3dwLWNvbnRlbnRcL3VwbG9hZHNcLzIwMjVcLzA4XC9Qb2J1cnNraS1GdXR1cmEtRmxhY2hkYWNoLUJhaHJlbmZlbGRlci1DYXJyZWVfQWJkaWNodHVuZ18wNC5qcGciLCJzbGlkZXNob3ciOiI3YzFjNmI5In0%3D\">\n\t\t\t\t\t<div class=\"e-gallery-image elementor-gallery-item__image\" data-thumbnail=\"https:\/\/www.poburski-futura.de\/wp-content\/uploads\/2025\/08\/Poburski-Futura-Flachdach-Bahrenfelder-Carree_Abdichtung_04-750x500.jpg\" data-width=\"750\" data-height=\"500\" aria-label=\"Flachdachabdichtung mit Bitumenbahnen und Begr\u00fcnung im nachhaltigen Bauprojekt Hamburg.\" role=\"img\" ><\/div>\n\t\t\t\t\t\t\t\t\t\t\t<div class=\"elementor-gallery-item__overlay\"><\/div>\n\t\t\t\t\t\t\t\t\t\t\t\t\t\t<\/a>\n\t\t\t\t\t\t\t<a class=\"e-gallery-item elementor-gallery-item elementor-animated-content\" href=\"https:\/\/www.poburski-futura.de\/wp-content\/uploads\/2025\/08\/Poburski-Futura-Flachdach-Bahrenfelder-Carree_03.jpg\" data-elementor-open-lightbox=\"yes\" data-elementor-lightbox-slideshow=\"7c1c6b9\" data-elementor-lightbox-title=\"Poburski-Futura-Flachdach-Bahrenfelder-Carree_03\" data-elementor-lightbox-description=\"Nachhaltiges Wohnen in Hamburg-Altona: Das Bahrenfelder Carr\u00e9e verbindet moderne Architektur mit begr\u00fcnten Retentionsd\u00e4chern und energieeffizienter Bauweise.\" data-e-action-hash=\"#elementor-action%3Aaction%3Dlightbox%26settings%3DeyJpZCI6NzQyNywidXJsIjoiaHR0cHM6XC9cL3d3dy5wb2J1cnNraS1mdXR1cmEuZGVcL3dwLWNvbnRlbnRcL3VwbG9hZHNcLzIwMjVcLzA4XC9Qb2J1cnNraS1GdXR1cmEtRmxhY2hkYWNoLUJhaHJlbmZlbGRlci1DYXJyZWVfMDMuanBnIiwic2xpZGVzaG93IjoiN2MxYzZiOSJ9\">\n\t\t\t\t\t<div class=\"e-gallery-image elementor-gallery-item__image\" data-thumbnail=\"https:\/\/www.poburski-futura.de\/wp-content\/uploads\/2025\/08\/Poburski-Futura-Flachdach-Bahrenfelder-Carree_03-750x500.jpg\" data-width=\"750\" data-height=\"500\" aria-label=\"\" role=\"img\" ><\/div>\n\t\t\t\t\t\t\t\t\t\t\t<div class=\"elementor-gallery-item__overlay\"><\/div>\n\t\t\t\t\t\t\t\t\t\t\t\t\t\t<\/a>\n\t\t\t\t\t\t\t<a class=\"e-gallery-item elementor-gallery-item elementor-animated-content\" href=\"https:\/\/www.poburski-futura.de\/wp-content\/uploads\/2025\/08\/Poburski-Futura-Flachdach-Gruendach-Sanierung-Bahrenfelder-Carree_header.jpg\" data-elementor-open-lightbox=\"yes\" data-elementor-lightbox-slideshow=\"7c1c6b9\" data-elementor-lightbox-title=\"Poburski-Futura-Flachdach-Gru\u0308ndach-Sanierung-Bahrenfelder-Carree_header\" data-elementor-lightbox-description=\"Nachhaltiges Wohnen in Hamburg-Altona: Das Bahrenfelder Carr\u00e9e verbindet moderne Architektur mit begr\u00fcnten Retentionsd\u00e4chern und energieeffizienter Bauweise.\" data-e-action-hash=\"#elementor-action%3Aaction%3Dlightbox%26settings%3DeyJpZCI6NzQzOSwidXJsIjoiaHR0cHM6XC9cL3d3dy5wb2J1cnNraS1mdXR1cmEuZGVcL3dwLWNvbnRlbnRcL3VwbG9hZHNcLzIwMjVcLzA4XC9Qb2J1cnNraS1GdXR1cmEtRmxhY2hkYWNoLUdydWVuZGFjaC1TYW5pZXJ1bmctQmFocmVuZmVsZGVyLUNhcnJlZV9oZWFkZXIuanBnIiwic2xpZGVzaG93IjoiN2MxYzZiOSJ9\">\n\t\t\t\t\t<div class=\"e-gallery-image elementor-gallery-item__image\" data-thumbnail=\"https:\/\/www.poburski-futura.de\/wp-content\/uploads\/2025\/08\/Poburski-Futura-Flachdach-Gruendach-Sanierung-Bahrenfelder-Carree_header-750x500.jpg\" data-width=\"750\" data-height=\"500\" aria-label=\"Vogelperspektive auf das Wohnensemble mit begr\u00fcntem Innenhof im Herzen von Hamburg-Altona.\" role=\"img\" ><\/div>\n\t\t\t\t\t\t\t\t\t\t\t<div class=\"elementor-gallery-item__overlay\"><\/div>\n\t\t\t\t\t\t\t\t\t\t\t\t\t\t<\/a>\n\t\t\t\t\t<\/div>\n\t\t\t\t\t<\/div>\n\t\t\t\t<\/div>\n\t\t\t\t\t<\/div>\n\t\t<\/div>\n\t\t\t\t\t<\/div>\n\t\t<\/section>\n\t\t\t\t<section class=\"elementor-section elementor-top-section elementor-element elementor-element-2aab735 width_1200 elementor-section-boxed elementor-section-height-default elementor-section-height-default\" data-id=\"2aab735\" data-element_type=\"section\" data-e-type=\"section\">\n\t\t\t\t\t\t<div class=\"elementor-container elementor-column-gap-default\">\n\t\t\t\t\t<div class=\"elementor-column elementor-col-66 elementor-top-column elementor-element elementor-element-4de5b73a\" data-id=\"4de5b73a\" data-element_type=\"column\" data-e-type=\"column\">\n\t\t\t<div class=\"elementor-widget-wrap elementor-element-populated\">\n\t\t\t\t\t\t<div class=\"elementor-element elementor-element-17ed9280 elementor-widget__width-initial elementor-widget elementor-widget-heading\" data-id=\"17ed9280\" data-element_type=\"widget\" data-e-type=\"widget\" data-widget_type=\"heading.default\">\n\t\t\t\t<div class=\"elementor-widget-container\">\n\t\t\t\t\t<h2 class=\"elementor-heading-title elementor-size-default\">Gr\u00fcndach f\u00fcr ein besseres Klima<\/h2>\t\t\t\t<\/div>\n\t\t\t\t<\/div>\n\t\t\t\t<div class=\"elementor-element elementor-element-72d6a951 elementor-widget__width-initial elementor-widget elementor-widget-text-editor\" data-id=\"72d6a951\" data-element_type=\"widget\" data-e-type=\"widget\" data-widget_type=\"text-editor.default\">\n\t\t\t\t<div class=\"elementor-widget-container\">\n\t\t\t\t\t\t\t\t\t<p>In urbanen Gegenden wie Hamburg Bahrenfeld kann es hei\u00df werden. Denn versiegelte und dunkle Oberfl\u00e4chen speichern Hitze, welche in hei\u00dfen Sommertagen kaum abk\u00fchlt und vor allem auch nachts weiter W\u00e4rme an die Umgebung abgibt. Infolge des Klimawandels heizen solche Hitzeinseln urbane Gebiete zus\u00e4tzlich auf. Eine L\u00f6sung bieten begr\u00fcnte D\u00e4cher: Sie sorgen f\u00fcr ein besseres Mikroklima im Wohnbereich und in der Stadt. Denn Schatten und Verdunstungseffekte der Vegetation k\u00fchlen die Umgebung und wirken zus\u00e4tzlich wie eine nat\u00fcrliche Isolationsschicht, die das darunterliegende Geb\u00e4ude vor direkter Sonneneinstrahlung und Hitze sch\u00fctzt.\u00a0<\/p>\t\t\t\t\t\t\t\t<\/div>\n\t\t\t\t<\/div>\n\t\t\t\t\t<\/div>\n\t\t<\/div>\n\t\t\t\t<div class=\"elementor-column elementor-col-33 elementor-top-column elementor-element elementor-element-13263a1e\" data-id=\"13263a1e\" data-element_type=\"column\" data-e-type=\"column\">\n\t\t\t<div class=\"elementor-widget-wrap elementor-element-populated\">\n\t\t\t\t\t\t<div class=\"elementor-element elementor-element-75593835 elementor-widget elementor-widget-image\" data-id=\"75593835\" data-element_type=\"widget\" data-e-type=\"widget\" data-widget_type=\"image.default\">\n\t\t\t\t<div class=\"elementor-widget-container\">\n\t\t\t\t\t\t\t\t\t\t\t\t\t\t\t<img decoding=\"async\" width=\"1400\" height=\"933\" src=\"https:\/\/www.poburski-futura.de\/wp-content\/uploads\/2025\/08\/Poburski-Futura-Flachdach-Gruendach-Sanierung-Bahrenfelder-Carree_03-1536x1024.jpg\" class=\"attachment-large size-large wp-image-7483\" alt=\"Begr\u00fcnter Innenhof des Bahrenfelder Carrees.\" srcset=\"https:\/\/www.poburski-futura.de\/wp-content\/uploads\/2025\/08\/Poburski-Futura-Flachdach-Gruendach-Sanierung-Bahrenfelder-Carree_03-1536x1024.jpg 1536w, https:\/\/www.poburski-futura.de\/wp-content\/uploads\/2025\/08\/Poburski-Futura-Flachdach-Gruendach-Sanierung-Bahrenfelder-Carree_03-750x500.jpg 750w, https:\/\/www.poburski-futura.de\/wp-content\/uploads\/2025\/08\/Poburski-Futura-Flachdach-Gruendach-Sanierung-Bahrenfelder-Carree_03-768x512.jpg 768w, https:\/\/www.poburski-futura.de\/wp-content\/uploads\/2025\/08\/Poburski-Futura-Flachdach-Gruendach-Sanierung-Bahrenfelder-Carree_03-500x333.jpg 500w, https:\/\/www.poburski-futura.de\/wp-content\/uploads\/2025\/08\/Poburski-Futura-Flachdach-Gruendach-Sanierung-Bahrenfelder-Carree_03-800x533.jpg 800w, https:\/\/www.poburski-futura.de\/wp-content\/uploads\/2025\/08\/Poburski-Futura-Flachdach-Gruendach-Sanierung-Bahrenfelder-Carree_03-1280x853.jpg 1280w, https:\/\/www.poburski-futura.de\/wp-content\/uploads\/2025\/08\/Poburski-Futura-Flachdach-Gruendach-Sanierung-Bahrenfelder-Carree_03.jpg 1680w\" sizes=\"(max-width: 1400px) 100vw, 1400px\" \/>\t\t\t\t\t\t\t\t\t\t\t\t\t\t\t<\/div>\n\t\t\t\t<\/div>\n\t\t\t\t\t<\/div>\n\t\t<\/div>\n\t\t\t\t\t<\/div>\n\t\t<\/section>\n\t\t\t\t<section class=\"elementor-section elementor-top-section elementor-element elementor-element-32f4148 width_1200 elementor-section-boxed elementor-section-height-default elementor-section-height-default\" data-id=\"32f4148\" data-element_type=\"section\" data-e-type=\"section\">\n\t\t\t\t\t\t<div class=\"elementor-container elementor-column-gap-default\">\n\t\t\t\t\t<div class=\"elementor-column elementor-col-33 elementor-top-column elementor-element elementor-element-ef55d77\" data-id=\"ef55d77\" data-element_type=\"column\" data-e-type=\"column\">\n\t\t\t<div class=\"elementor-widget-wrap elementor-element-populated\">\n\t\t\t\t\t\t<div class=\"elementor-element elementor-element-78e421b elementor-widget elementor-widget-image\" data-id=\"78e421b\" data-element_type=\"widget\" data-e-type=\"widget\" data-widget_type=\"image.default\">\n\t\t\t\t<div class=\"elementor-widget-container\">\n\t\t\t\t\t\t\t\t\t\t\t\t\t\t\t<img decoding=\"async\" width=\"750\" height=\"500\" src=\"https:\/\/www.poburski-futura.de\/wp-content\/uploads\/2025\/08\/Poburski-Futura-Retentionsdach-Bahrenfelder-Carree_02-750x500.jpg\" class=\"attachment-medium size-medium wp-image-7426\" alt=\"Retentionsdach im Bahrenfelder Carr\u00e9e als Schutz vor Starkregen und Beitrag zum Stadtklima.\" srcset=\"https:\/\/www.poburski-futura.de\/wp-content\/uploads\/2025\/08\/Poburski-Futura-Retentionsdach-Bahrenfelder-Carree_02-750x500.jpg 750w, https:\/\/www.poburski-futura.de\/wp-content\/uploads\/2025\/08\/Poburski-Futura-Retentionsdach-Bahrenfelder-Carree_02-1536x1024.jpg 1536w, https:\/\/www.poburski-futura.de\/wp-content\/uploads\/2025\/08\/Poburski-Futura-Retentionsdach-Bahrenfelder-Carree_02-768x512.jpg 768w, https:\/\/www.poburski-futura.de\/wp-content\/uploads\/2025\/08\/Poburski-Futura-Retentionsdach-Bahrenfelder-Carree_02-500x333.jpg 500w, https:\/\/www.poburski-futura.de\/wp-content\/uploads\/2025\/08\/Poburski-Futura-Retentionsdach-Bahrenfelder-Carree_02-800x533.jpg 800w, https:\/\/www.poburski-futura.de\/wp-content\/uploads\/2025\/08\/Poburski-Futura-Retentionsdach-Bahrenfelder-Carree_02-1280x853.jpg 1280w, https:\/\/www.poburski-futura.de\/wp-content\/uploads\/2025\/08\/Poburski-Futura-Retentionsdach-Bahrenfelder-Carree_02.jpg 1680w\" sizes=\"(max-width: 750px) 100vw, 750px\" \/>\t\t\t\t\t\t\t\t\t\t\t\t\t\t\t<\/div>\n\t\t\t\t<\/div>\n\t\t\t\t\t<\/div>\n\t\t<\/div>\n\t\t\t\t<div class=\"elementor-column elementor-col-66 elementor-top-column elementor-element elementor-element-ce1a9de\" data-id=\"ce1a9de\" data-element_type=\"column\" data-e-type=\"column\">\n\t\t\t<div class=\"elementor-widget-wrap elementor-element-populated\">\n\t\t\t\t\t\t<div class=\"elementor-element elementor-element-32eff9d elementor-widget__width-initial elementor-widget elementor-widget-heading\" data-id=\"32eff9d\" data-element_type=\"widget\" data-e-type=\"widget\" data-widget_type=\"heading.default\">\n\t\t\t\t<div class=\"elementor-widget-container\">\n\t\t\t\t\t<h2 class=\"elementor-heading-title elementor-size-default\">Wasserr\u00fcckhaltung gegen Starkregen <\/h2>\t\t\t\t<\/div>\n\t\t\t\t<\/div>\n\t\t\t\t<div class=\"elementor-element elementor-element-554098b elementor-widget__width-initial elementor-widget elementor-widget-text-editor\" data-id=\"554098b\" data-element_type=\"widget\" data-e-type=\"widget\" data-widget_type=\"text-editor.default\">\n\t\t\t\t<div class=\"elementor-widget-container\">\n\t\t\t\t\t\t\t\t\t<p>Bei der Begr\u00fcnung des Bahrenfelder Carr\u00e9 handelt es sich zudem um eine Retentionsfl\u00e4che. Dadurch wird Regenwasser gespeichert und sein Abfluss verz\u00f6gert. Das zus\u00e4tzliche Retentionsvolumen unterst\u00fctzt die d\u00e4mmenden Eigenschaften der Dachkonstruktion, k\u00fchlt und versorgt die Vegetation und leistet einen Beitrag zur Starkregenvorsorge.<\/p><p>Als Grundlage f\u00fcr die Begr\u00fcnung auf dem Dach dienen neben der Dachabdichtung aus Bitumen die Wasserr\u00fcckhalteelemente mit einer Anstauh\u00f6he von 85 mm. \u00dcbersch\u00fcssiges Wasser wird \u00fcber Fallrohre aus Zink sowie Stahlabflussrohre abgeleitet.<\/p><p>Das Quartier entspricht dem KfW-55-Standard. Eine geeignete W\u00e4rmed\u00e4mmung spielt f\u00fcr einen niedrigen Energieverbrauch eine wichtige Rolle. Deshalb nutzen wir die ausgezeichneten thermischen und schalld\u00e4mmenden Eigenschaften von EPS und Mineralwolle. Zwei Lagen Bitumenbahnen sorgen f\u00fcr ein dauerhaft dichtes Dach.<\/p>\t\t\t\t\t\t\t\t<\/div>\n\t\t\t\t<\/div>\n\t\t\t\t\t<\/div>\n\t\t<\/div>\n\t\t\t\t\t<\/div>\n\t\t<\/section>\n\t\t\t\t<\/div>\n\t\t","protected":false},"excerpt":{"rendered":"<p>Nachhaltiges Wohnen in Hamburg-Altona: Das Bahrenfelder Carr\u00e9e verbindet moderne Architektur mit begr\u00fcnten Retentionsd\u00e4chern und energieeffizienter Bauweise.<\/p>\n","protected":false},"author":4,"featured_media":7439,"parent":0,"template":"","meta":{"site-sidebar-layout":"no-sidebar","site-content-layout":"default","ast-site-content-layout":"default","site-content-style":"default","site-sidebar-style":"default","ast-global-header-display":"","ast-banner-title-visibility":"","ast-main-header-display":"","ast-hfb-above-header-display":"","ast-hfb-below-header-display":"","ast-hfb-mobile-header-display":"","site-post-title":"","ast-breadcrumbs-content":"","ast-featured-img":"","footer-sml-layout":"","ast-disable-related-posts":"","theme-transparent-header-meta":"default","adv-header-id-meta":"","stick-header-meta":"default","header-above-stick-meta":"","header-main-stick-meta":"","header-below-stick-meta":"","astra-migrate-meta-layouts":"set","ast-page-background-enabled":"default","ast-page-background-meta":{"desktop":{"background-color":"var(--ast-global-color-4)","background-image":"","background-repeat":"repeat","background-position":"center center","background-size":"auto","background-attachment":"scroll","background-type":"","background-media":"","overlay-type":"","overlay-color":"","overlay-opacity":"","overlay-gradient":""},"tablet":{"background-color":"","background-image":"","background-repeat":"repeat","background-position":"center center","background-size":"auto","background-attachment":"scroll","background-type":"","background-media":"","overlay-type":"","overlay-color":"","overlay-opacity":"","overlay-gradient":""},"mobile":{"background-color":"","background-image":"","background-repeat":"repeat","background-position":"center center","background-size":"auto","background-attachment":"scroll","background-type":"","background-media":"","overlay-type":"","overlay-color":"","overlay-opacity":"","overlay-gradient":""}},"ast-content-background-meta":{"desktop":{"background-color":"var(--ast-global-color-5)","background-image":"","background-repeat":"repeat","background-position":"center center","background-size":"auto","background-attachment":"scroll","background-type":"","background-media":"","overlay-type":"","overlay-color":"","overlay-opacity":"","overlay-gradient":""},"tablet":{"background-color":"var(--ast-global-color-5)","background-image":"","background-repeat":"repeat","background-position":"center center","background-size":"auto","background-attachment":"scroll","background-type":"","background-media":"","overlay-type":"","overlay-color":"","overlay-opacity":"","overlay-gradient":""},"mobile":{"background-color":"var(--ast-global-color-5)","background-image":"","background-repeat":"repeat","background-position":"center center","background-size":"auto","background-attachment":"scroll","background-type":"","background-media":"","overlay-type":"","overlay-color":"","overlay-opacity":"","overlay-gradient":""}},"_vp_format_video_url":"","_vp_image_focal_point":[],"footnotes":""},"referenz-art":[27],"referenz":[47,32,48],"class_list":["post-7417","referenzen-single","type-referenzen-single","status-publish","has-post-thumbnail","hentry","referenz-art-gross","referenz-flachdach","referenz-gruendaecher","referenz-sanierung"],"yoast_head":"<!-- This site is optimized with the Yoast SEO Premium plugin v27.5 (Yoast SEO v27.5) - https:\/\/yoast.com\/product\/yoast-seo-premium-wordpress\/ -->\n<title>Bahrenfelder Carr\u00e9 - Poburski Futura<\/title>\n<meta name=\"description\" content=\"Nachhaltiges Wohnen in Hamburg: Das Bahrenfelder Carr\u00e9e verbindet moderne Architektur mit einer nachhaltigen &amp; energieeffizienter Bauweise.\" \/>\n<meta name=\"robots\" content=\"index, follow, max-snippet:-1, max-image-preview:large, max-video-preview:-1\" \/>\n<link rel=\"canonical\" href=\"https:\/\/www.poburski-futura.de\/en\/referenzen-single\/bahrenfelder-carree-flachdach-gruendach\/\" \/>\n<meta property=\"og:locale\" content=\"en_US\" \/>\n<meta property=\"og:type\" content=\"article\" \/>\n<meta property=\"og:title\" content=\"Bahrenfelder Carr\u00e9\" \/>\n<meta property=\"og:description\" content=\"Nachhaltiges Wohnen in Hamburg: Das Bahrenfelder Carr\u00e9e verbindet moderne Architektur mit einer nachhaltigen &amp; energieeffizienter Bauweise.\" \/>\n<meta property=\"og:url\" content=\"https:\/\/www.poburski-futura.de\/en\/referenzen-single\/bahrenfelder-carree-flachdach-gruendach\/\" \/>\n<meta property=\"og:site_name\" content=\"Poburski Futura\" \/>\n<meta property=\"article:modified_time\" content=\"2025-09-22T11:53:42+00:00\" \/>\n<meta property=\"og:image\" content=\"https:\/\/www.poburski-futura.de\/wp-content\/uploads\/2025\/08\/Poburski-Futura-Flachdach-Gruendach-Sanierung-Bahrenfelder-Carree_header.jpg\" \/>\n\t<meta property=\"og:image:width\" content=\"1680\" \/>\n\t<meta property=\"og:image:height\" content=\"1120\" \/>\n\t<meta property=\"og:image:type\" content=\"image\/jpeg\" \/>\n<meta name=\"twitter:card\" content=\"summary_large_image\" \/>\n<meta name=\"twitter:label1\" content=\"Est. reading time\" \/>\n\t<meta name=\"twitter:data1\" content=\"3 minutes\" \/>\n<script type=\"application\/ld+json\" class=\"yoast-schema-graph\">{\"@context\":\"https:\\\/\\\/schema.org\",\"@graph\":[{\"@type\":\"WebPage\",\"@id\":\"https:\\\/\\\/www.poburski-futura.de\\\/en\\\/referenzen-single\\\/bahrenfelder-carree-flachdach-gruendach\\\/\",\"url\":\"https:\\\/\\\/www.poburski-futura.de\\\/en\\\/referenzen-single\\\/bahrenfelder-carree-flachdach-gruendach\\\/\",\"name\":\"Bahrenfelder Carr\u00e9 - Poburski Futura\",\"isPartOf\":{\"@id\":\"https:\\\/\\\/www.poburski-futura.de\\\/en\\\/#website\"},\"primaryImageOfPage\":{\"@id\":\"https:\\\/\\\/www.poburski-futura.de\\\/en\\\/referenzen-single\\\/bahrenfelder-carree-flachdach-gruendach\\\/#primaryimage\"},\"image\":{\"@id\":\"https:\\\/\\\/www.poburski-futura.de\\\/en\\\/referenzen-single\\\/bahrenfelder-carree-flachdach-gruendach\\\/#primaryimage\"},\"thumbnailUrl\":\"https:\\\/\\\/www.poburski-futura.de\\\/wp-content\\\/uploads\\\/2025\\\/08\\\/Poburski-Futura-Flachdach-Gruendach-Sanierung-Bahrenfelder-Carree_header.jpg\",\"datePublished\":\"2025-09-22T11:46:38+00:00\",\"dateModified\":\"2025-09-22T11:53:42+00:00\",\"description\":\"Nachhaltiges Wohnen in Hamburg: Das Bahrenfelder Carr\u00e9e verbindet moderne Architektur mit einer nachhaltigen & energieeffizienter Bauweise.\",\"breadcrumb\":{\"@id\":\"https:\\\/\\\/www.poburski-futura.de\\\/en\\\/referenzen-single\\\/bahrenfelder-carree-flachdach-gruendach\\\/#breadcrumb\"},\"inLanguage\":\"en-US\",\"potentialAction\":[{\"@type\":\"ReadAction\",\"target\":[\"https:\\\/\\\/www.poburski-futura.de\\\/en\\\/referenzen-single\\\/bahrenfelder-carree-flachdach-gruendach\\\/\"]}]},{\"@type\":\"ImageObject\",\"inLanguage\":\"en-US\",\"@id\":\"https:\\\/\\\/www.poburski-futura.de\\\/en\\\/referenzen-single\\\/bahrenfelder-carree-flachdach-gruendach\\\/#primaryimage\",\"url\":\"https:\\\/\\\/www.poburski-futura.de\\\/wp-content\\\/uploads\\\/2025\\\/08\\\/Poburski-Futura-Flachdach-Gruendach-Sanierung-Bahrenfelder-Carree_header.jpg\",\"contentUrl\":\"https:\\\/\\\/www.poburski-futura.de\\\/wp-content\\\/uploads\\\/2025\\\/08\\\/Poburski-Futura-Flachdach-Gruendach-Sanierung-Bahrenfelder-Carree_header.jpg\",\"width\":1680,\"height\":1120,\"caption\":\"Nachhaltiges Wohnen in Hamburg-Altona: Das Bahrenfelder Carr\u00e9e verbindet moderne Architektur mit begr\u00fcnten Retentionsd\u00e4chern und energieeffizienter Bauweise.\"},{\"@type\":\"BreadcrumbList\",\"@id\":\"https:\\\/\\\/www.poburski-futura.de\\\/en\\\/referenzen-single\\\/bahrenfelder-carree-flachdach-gruendach\\\/#breadcrumb\",\"itemListElement\":[{\"@type\":\"ListItem\",\"position\":1,\"name\":\"Startseite\",\"item\":\"https:\\\/\\\/www.poburski-futura.de\\\/en\\\/\"},{\"@type\":\"ListItem\",\"position\":2,\"name\":\"Referenzen\",\"item\":\"https:\\\/\\\/www.poburski-futura.de\\\/en\\\/referenzen-single\\\/\"},{\"@type\":\"ListItem\",\"position\":3,\"name\":\"Bahrenfelder Carr\u00e9\"}]},{\"@type\":\"WebSite\",\"@id\":\"https:\\\/\\\/www.poburski-futura.de\\\/en\\\/#website\",\"url\":\"https:\\\/\\\/www.poburski-futura.de\\\/en\\\/\",\"name\":\"Poburski Futura\",\"description\":\"Parkdecks - Parkd\u00e4cher - Parkdeck Beschichtungen\",\"publisher\":{\"@id\":\"https:\\\/\\\/www.poburski-futura.de\\\/en\\\/#organization\"},\"potentialAction\":[{\"@type\":\"SearchAction\",\"target\":{\"@type\":\"EntryPoint\",\"urlTemplate\":\"https:\\\/\\\/www.poburski-futura.de\\\/en\\\/?s={search_term_string}\"},\"query-input\":{\"@type\":\"PropertyValueSpecification\",\"valueRequired\":true,\"valueName\":\"search_term_string\"}}],\"inLanguage\":\"en-US\"},{\"@type\":[\"Organization\",\"Place\"],\"@id\":\"https:\\\/\\\/www.poburski-futura.de\\\/en\\\/#organization\",\"name\":\"POBURSKI FUTURA\",\"url\":\"https:\\\/\\\/www.poburski-futura.de\\\/en\\\/\",\"logo\":{\"@id\":\"https:\\\/\\\/www.poburski-futura.de\\\/en\\\/referenzen-single\\\/bahrenfelder-carree-flachdach-gruendach\\\/#local-main-organization-logo\"},\"image\":{\"@id\":\"https:\\\/\\\/www.poburski-futura.de\\\/en\\\/referenzen-single\\\/bahrenfelder-carree-flachdach-gruendach\\\/#local-main-organization-logo\"},\"sameAs\":[\"https:\\\/\\\/www.linkedin.com\\\/company\\\/poburski-futura-gmbh\"],\"telephone\":[],\"openingHoursSpecification\":[{\"@type\":\"OpeningHoursSpecification\",\"dayOfWeek\":[\"Monday\",\"Tuesday\",\"Wednesday\",\"Thursday\",\"Friday\",\"Saturday\",\"Sunday\"],\"opens\":\"09:00\",\"closes\":\"17:00\"}]},{\"@type\":\"ImageObject\",\"inLanguage\":\"en-US\",\"@id\":\"https:\\\/\\\/www.poburski-futura.de\\\/en\\\/referenzen-single\\\/bahrenfelder-carree-flachdach-gruendach\\\/#local-main-organization-logo\",\"url\":\"https:\\\/\\\/www.poburski-futura.de\\\/wp-content\\\/uploads\\\/2023\\\/07\\\/POB_Logo_zweizeilig_gruen_rgb.png\",\"contentUrl\":\"https:\\\/\\\/www.poburski-futura.de\\\/wp-content\\\/uploads\\\/2023\\\/07\\\/POB_Logo_zweizeilig_gruen_rgb.png\",\"width\":375,\"height\":188,\"caption\":\"POBURSKI FUTURA\"}]}<\/script>\n<!-- \/ Yoast SEO Premium plugin. -->","yoast_head_json":{"title":"Bahrenfelder Carr\u00e9 - Poburski Futura","description":"Nachhaltiges Wohnen in Hamburg: Das Bahrenfelder Carr\u00e9e verbindet moderne Architektur mit einer nachhaltigen & energieeffizienter Bauweise.","robots":{"index":"index","follow":"follow","max-snippet":"max-snippet:-1","max-image-preview":"max-image-preview:large","max-video-preview":"max-video-preview:-1"},"canonical":"https:\/\/www.poburski-futura.de\/en\/referenzen-single\/bahrenfelder-carree-flachdach-gruendach\/","og_locale":"en_US","og_type":"article","og_title":"Bahrenfelder Carr\u00e9","og_description":"Nachhaltiges Wohnen in Hamburg: Das Bahrenfelder Carr\u00e9e verbindet moderne Architektur mit einer nachhaltigen & energieeffizienter Bauweise.","og_url":"https:\/\/www.poburski-futura.de\/en\/referenzen-single\/bahrenfelder-carree-flachdach-gruendach\/","og_site_name":"Poburski Futura","article_modified_time":"2025-09-22T11:53:42+00:00","og_image":[{"width":1680,"height":1120,"url":"https:\/\/www.poburski-futura.de\/wp-content\/uploads\/2025\/08\/Poburski-Futura-Flachdach-Gruendach-Sanierung-Bahrenfelder-Carree_header.jpg","type":"image\/jpeg"}],"twitter_card":"summary_large_image","twitter_misc":{"Est. reading time":"3 minutes"},"schema":{"@context":"https:\/\/schema.org","@graph":[{"@type":"WebPage","@id":"https:\/\/www.poburski-futura.de\/en\/referenzen-single\/bahrenfelder-carree-flachdach-gruendach\/","url":"https:\/\/www.poburski-futura.de\/en\/referenzen-single\/bahrenfelder-carree-flachdach-gruendach\/","name":"Bahrenfelder Carr\u00e9 - Poburski Futura","isPartOf":{"@id":"https:\/\/www.poburski-futura.de\/en\/#website"},"primaryImageOfPage":{"@id":"https:\/\/www.poburski-futura.de\/en\/referenzen-single\/bahrenfelder-carree-flachdach-gruendach\/#primaryimage"},"image":{"@id":"https:\/\/www.poburski-futura.de\/en\/referenzen-single\/bahrenfelder-carree-flachdach-gruendach\/#primaryimage"},"thumbnailUrl":"https:\/\/www.poburski-futura.de\/wp-content\/uploads\/2025\/08\/Poburski-Futura-Flachdach-Gruendach-Sanierung-Bahrenfelder-Carree_header.jpg","datePublished":"2025-09-22T11:46:38+00:00","dateModified":"2025-09-22T11:53:42+00:00","description":"Nachhaltiges Wohnen in Hamburg: Das Bahrenfelder Carr\u00e9e verbindet moderne Architektur mit einer nachhaltigen & energieeffizienter Bauweise.","breadcrumb":{"@id":"https:\/\/www.poburski-futura.de\/en\/referenzen-single\/bahrenfelder-carree-flachdach-gruendach\/#breadcrumb"},"inLanguage":"en-US","potentialAction":[{"@type":"ReadAction","target":["https:\/\/www.poburski-futura.de\/en\/referenzen-single\/bahrenfelder-carree-flachdach-gruendach\/"]}]},{"@type":"ImageObject","inLanguage":"en-US","@id":"https:\/\/www.poburski-futura.de\/en\/referenzen-single\/bahrenfelder-carree-flachdach-gruendach\/#primaryimage","url":"https:\/\/www.poburski-futura.de\/wp-content\/uploads\/2025\/08\/Poburski-Futura-Flachdach-Gruendach-Sanierung-Bahrenfelder-Carree_header.jpg","contentUrl":"https:\/\/www.poburski-futura.de\/wp-content\/uploads\/2025\/08\/Poburski-Futura-Flachdach-Gruendach-Sanierung-Bahrenfelder-Carree_header.jpg","width":1680,"height":1120,"caption":"Nachhaltiges Wohnen in Hamburg-Altona: Das Bahrenfelder Carr\u00e9e verbindet moderne Architektur mit begr\u00fcnten Retentionsd\u00e4chern und energieeffizienter Bauweise."},{"@type":"BreadcrumbList","@id":"https:\/\/www.poburski-futura.de\/en\/referenzen-single\/bahrenfelder-carree-flachdach-gruendach\/#breadcrumb","itemListElement":[{"@type":"ListItem","position":1,"name":"Startseite","item":"https:\/\/www.poburski-futura.de\/en\/"},{"@type":"ListItem","position":2,"name":"Referenzen","item":"https:\/\/www.poburski-futura.de\/en\/referenzen-single\/"},{"@type":"ListItem","position":3,"name":"Bahrenfelder Carr\u00e9"}]},{"@type":"WebSite","@id":"https:\/\/www.poburski-futura.de\/en\/#website","url":"https:\/\/www.poburski-futura.de\/en\/","name":"Poburski Futura","description":"Parkdecks - Parkd\u00e4cher - Parkdeck Beschichtungen","publisher":{"@id":"https:\/\/www.poburski-futura.de\/en\/#organization"},"potentialAction":[{"@type":"SearchAction","target":{"@type":"EntryPoint","urlTemplate":"https:\/\/www.poburski-futura.de\/en\/?s={search_term_string}"},"query-input":{"@type":"PropertyValueSpecification","valueRequired":true,"valueName":"search_term_string"}}],"inLanguage":"en-US"},{"@type":["Organization","Place"],"@id":"https:\/\/www.poburski-futura.de\/en\/#organization","name":"POBURSKI FUTURA","url":"https:\/\/www.poburski-futura.de\/en\/","logo":{"@id":"https:\/\/www.poburski-futura.de\/en\/referenzen-single\/bahrenfelder-carree-flachdach-gruendach\/#local-main-organization-logo"},"image":{"@id":"https:\/\/www.poburski-futura.de\/en\/referenzen-single\/bahrenfelder-carree-flachdach-gruendach\/#local-main-organization-logo"},"sameAs":["https:\/\/www.linkedin.com\/company\/poburski-futura-gmbh"],"telephone":[],"openingHoursSpecification":[{"@type":"OpeningHoursSpecification","dayOfWeek":["Monday","Tuesday","Wednesday","Thursday","Friday","Saturday","Sunday"],"opens":"09:00","closes":"17:00"}]},{"@type":"ImageObject","inLanguage":"en-US","@id":"https:\/\/www.poburski-futura.de\/en\/referenzen-single\/bahrenfelder-carree-flachdach-gruendach\/#local-main-organization-logo","url":"https:\/\/www.poburski-futura.de\/wp-content\/uploads\/2023\/07\/POB_Logo_zweizeilig_gruen_rgb.png","contentUrl":"https:\/\/www.poburski-futura.de\/wp-content\/uploads\/2023\/07\/POB_Logo_zweizeilig_gruen_rgb.png","width":375,"height":188,"caption":"POBURSKI FUTURA"}]}},"_links":{"self":[{"href":"https:\/\/www.poburski-futura.de\/en\/wp-json\/wp\/v2\/referenzen-single\/7417","targetHints":{"allow":["GET"]}}],"collection":[{"href":"https:\/\/www.poburski-futura.de\/en\/wp-json\/wp\/v2\/referenzen-single"}],"about":[{"href":"https:\/\/www.poburski-futura.de\/en\/wp-json\/wp\/v2\/types\/referenzen-single"}],"author":[{"embeddable":true,"href":"https:\/\/www.poburski-futura.de\/en\/wp-json\/wp\/v2\/users\/4"}],"version-history":[{"count":33,"href":"https:\/\/www.poburski-futura.de\/en\/wp-json\/wp\/v2\/referenzen-single\/7417\/revisions"}],"predecessor-version":[{"id":7495,"href":"https:\/\/www.poburski-futura.de\/en\/wp-json\/wp\/v2\/referenzen-single\/7417\/revisions\/7495"}],"wp:featuredmedia":[{"embeddable":true,"href":"https:\/\/www.poburski-futura.de\/en\/wp-json\/wp\/v2\/media\/7439"}],"wp:attachment":[{"href":"https:\/\/www.poburski-futura.de\/en\/wp-json\/wp\/v2\/media?parent=7417"}],"wp:term":[{"taxonomy":"referenz-art","embeddable":true,"href":"https:\/\/www.poburski-futura.de\/en\/wp-json\/wp\/v2\/referenz-art?post=7417"},{"taxonomy":"referenz","embeddable":true,"href":"https:\/\/www.poburski-futura.de\/en\/wp-json\/wp\/v2\/referenz?post=7417"}],"curies":[{"name":"wp","href":"https:\/\/api.w.org\/{rel}","templated":true}]}}